{"id":319841,"date":"2022-11-14T15:06:39","date_gmt":"2022-11-14T14:06:39","guid":{"rendered":"https:\/\/www.clever-fit.com\/declaration-de-protection-des-donnees\/"},"modified":"2025-10-30T02:42:17","modified_gmt":"2025-10-30T01:42:17","slug":"declaration-de-protection-des-donnees","status":"publish","type":"page","link":"https:\/\/www.clever-fit.com\/fr-CH\/declaration-de-protection-des-donnees\/","title":{"rendered":"D\u00e9claration de protection des donn\u00e9es"},"content":{"rendered":"\t\t<div data-elementor-type=\"wp-page\" data-elementor-id=\"319841\" class=\"elementor elementor-319841 elementor-57528\" data-elementor-post-type=\"page\">\n\t\t\t\t<div data-particle_enable=\"false\" data-particle-mobile-disabled=\"false\" class=\"elementor-element elementor-element-59dd576 e-flex e-con-boxed e-con e-parent\" data-id=\"59dd576\" data-element_type=\"container\" data-e-type=\"container\">\n\t\t\t\t\t<div class=\"e-con-inner\">\n\t\t\t\t<div class=\"elementor-element elementor-element-53ec434 elementor-widget elementor-widget-spacer\" data-id=\"53ec434\" data-element_type=\"widget\" data-e-type=\"widget\" data-widget_type=\"spacer.default\">\n\t\t\t\t<div class=\"elementor-widget-container\">\n\t\t\t\t\t\t\t<div class=\"elementor-spacer\">\n\t\t\t<div class=\"elementor-spacer-inner\"><\/div>\n\t\t<\/div>\n\t\t\t\t\t\t<\/div>\n\t\t\t\t<\/div>\n\t\t\t\t\t<\/div>\n\t\t\t\t<\/div>\n\t\t<div data-particle_enable=\"false\" data-particle-mobile-disabled=\"false\" class=\"elementor-element elementor-element-2b2ea6b e-flex e-con-boxed e-con e-parent\" data-id=\"2b2ea6b\" data-element_type=\"container\" data-e-type=\"container\">\n\t\t\t\t\t<div class=\"e-con-inner\">\n\t\t\t\t<div class=\"elementor-element elementor-element-59949ed elementor-hidden-mobile elementor-widget elementor-widget-heading\" data-id=\"59949ed\" data-element_type=\"widget\" data-e-type=\"widget\" data-widget_type=\"heading.default\">\n\t\t\t\t<div class=\"elementor-widget-container\">\n\t\t\t\t\t<h1 class=\"elementor-heading-title elementor-size-default\">D\u00e9claration de protection des donn\u00e9es<\/h1>\t\t\t\t<\/div>\n\t\t\t\t<\/div>\n\t\t\t\t<div class=\"elementor-element elementor-element-fd5380c elementor-hidden-widescreen elementor-hidden-desktop elementor-hidden-laptop elementor-hidden-tablet elementor-widget elementor-widget-text-editor\" data-id=\"fd5380c\" data-element_type=\"widget\" data-e-type=\"widget\" data-widget_type=\"text-editor.default\">\n\t\t\t\t<div class=\"elementor-widget-container\">\n\t\t\t\t\t<br \/>\n<h1>D\u00e9claration de \u00ad\u00ad\u00adprotection des donn\u00e9es<\/h1>\n\t\t\t\t<\/div>\n\t\t\t\t<\/div>\n\t\t\t\t<div class=\"elementor-element elementor-element-a00fb0c elementor-widget elementor-widget-spacer\" data-id=\"a00fb0c\" data-element_type=\"widget\" data-e-type=\"widget\" data-widget_type=\"spacer.default\">\n\t\t\t\t<div class=\"elementor-widget-container\">\n\t\t\t\t\t\t\t<div class=\"elementor-spacer\">\n\t\t\t<div class=\"elementor-spacer-inner\"><\/div>\n\t\t<\/div>\n\t\t\t\t\t\t<\/div>\n\t\t\t\t<\/div>\n\t\t<div data-particle_enable=\"false\" data-particle-mobile-disabled=\"false\" class=\"elementor-element elementor-element-140de99 e-con-full e-flex e-con e-child\" data-id=\"140de99\" data-element_type=\"container\" data-e-type=\"container\">\n\t\t\t\t<div class=\"elementor-element elementor-element-98feb45 elementor-widget elementor-widget-cle-heading\" data-id=\"98feb45\" data-element_type=\"widget\" data-e-type=\"widget\" data-widget_type=\"cle-heading.default\">\n\t\t\t\t<div class=\"elementor-widget-container\">\n\t\t\t\t\t        <div class=\"cle-heading white-on-black small skew\"                >\n                        <h2> der Clever Sports AG, Arbon<\/h2>         <\/div>\n        \t\t\t\t<\/div>\n\t\t\t\t<\/div>\n\t\t\t\t<\/div>\n\t\t\t\t\t<\/div>\n\t\t\t\t<\/div>\n\t\t<div data-particle_enable=\"false\" data-particle-mobile-disabled=\"false\" class=\"elementor-element elementor-element-d549a1a e-flex e-con-boxed e-con e-parent\" data-id=\"d549a1a\" data-element_type=\"container\" data-e-type=\"container\">\n\t\t\t\t\t<div class=\"e-con-inner\">\n\t\t\t\t<div class=\"elementor-element elementor-element-96404c0 elementor-toc--content-ellipsis elementor-toc--minimized-on-tablet elementor-widget elementor-widget-table-of-contents\" data-id=\"96404c0\" data-element_type=\"widget\" data-e-type=\"widget\" data-settings=\"{&quot;headings_by_tags&quot;:[&quot;h3&quot;],&quot;exclude_headings_by_selector&quot;:[],&quot;marker_view&quot;:&quot;bullets&quot;,&quot;icon&quot;:{&quot;value&quot;:&quot;&quot;,&quot;library&quot;:&quot;&quot;},&quot;no_headings_message&quot;:&quot;No headings were found on this page.&quot;,&quot;minimize_box&quot;:&quot;yes&quot;,&quot;minimized_on&quot;:&quot;tablet&quot;,&quot;hierarchical_view&quot;:&quot;yes&quot;,&quot;min_height&quot;:{&quot;unit&quot;:&quot;px&quot;,&quot;size&quot;:&quot;&quot;,&quot;sizes&quot;:[]},&quot;min_height_widescreen&quot;:{&quot;unit&quot;:&quot;px&quot;,&quot;size&quot;:&quot;&quot;,&quot;sizes&quot;:[]},&quot;min_height_laptop&quot;:{&quot;unit&quot;:&quot;px&quot;,&quot;size&quot;:&quot;&quot;,&quot;sizes&quot;:[]},&quot;min_height_tablet&quot;:{&quot;unit&quot;:&quot;px&quot;,&quot;size&quot;:&quot;&quot;,&quot;sizes&quot;:[]},&quot;min_height_mobile&quot;:{&quot;unit&quot;:&quot;px&quot;,&quot;size&quot;:&quot;&quot;,&quot;sizes&quot;:[]}}\" data-widget_type=\"table-of-contents.default\">\n\t\t\t\t<div class=\"elementor-widget-container\">\n\t\t\t\t\t\t\t\t\t<div class=\"elementor-toc__header\">\n\t\t\t\t\t\t<h2 class=\"elementor-toc__header-title\">\n\t\t\t\tTable des mati\u00e8res\t\t\t<\/h2>\n\t\t\t\t\t\t\t\t\t\t<div class=\"elementor-toc__toggle-button elementor-toc__toggle-button--expand\" role=\"button\" tabindex=\"0\" aria-controls=\"elementor-toc__96404c0\" aria-expanded=\"true\" aria-label=\"Open table of contents\"><i aria-hidden=\"true\" class=\"fas fa-chevron-down\"><\/i><\/div>\n\t\t\t\t<div class=\"elementor-toc__toggle-button elementor-toc__toggle-button--collapse\" role=\"button\" tabindex=\"0\" aria-controls=\"elementor-toc__96404c0\" aria-expanded=\"true\" aria-label=\"Close table of contents\"><i aria-hidden=\"true\" class=\"fas fa-chevron-up\"><\/i><\/div>\n\t\t\t\t\t<\/div>\n\t\t\t\t<div id=\"elementor-toc__96404c0\" class=\"elementor-toc__body\">\n\t\t\t<div class=\"elementor-toc__spinner-container\">\n\t\t\t\t<i class=\"elementor-toc__spinner eicon-animation-spin eicon-loading\" aria-hidden=\"true\"><\/i>\t\t\t<\/div>\n\t\t<\/div>\n\t\t\t\t\t\t<\/div>\n\t\t\t\t<\/div>\n\t\t\t\t\t<\/div>\n\t\t\t\t<\/div>\n\t\t<div data-particle_enable=\"false\" data-particle-mobile-disabled=\"false\" class=\"elementor-element elementor-element-5e7aa69 e-flex e-con-boxed e-con e-parent\" data-id=\"5e7aa69\" data-element_type=\"container\" data-e-type=\"container\">\n\t\t\t\t\t<div class=\"e-con-inner\">\n\t\t<div data-particle_enable=\"false\" data-particle-mobile-disabled=\"false\" class=\"elementor-element elementor-element-3d3d57e e-flex e-con-boxed e-con e-child\" data-id=\"3d3d57e\" data-element_type=\"container\" data-e-type=\"container\">\n\t\t\t\t\t<div class=\"e-con-inner\">\n\t\t\t\t<div class=\"elementor-element elementor-element-d1440c4 elementor-widget elementor-widget-text-editor\" data-id=\"d1440c4\" data-element_type=\"widget\" data-e-type=\"widget\" data-widget_type=\"text-editor.default\">\n\t\t\t\t<div class=\"elementor-widget-container\">\n\t\t\t\t\t<br \/>\n<h3>1. De quoi s\u2019agit-il?<\/h3>\n<p>Par la pr\u00e9sente d\u00e9claration de protection des donn\u00e9es, nous, <strong>Clever Sports AG<\/strong> (ci-apr\u00e8s <strong>Clever Sports<\/strong><strong>, nous<\/strong> ou <strong>nous-m\u00eames<\/strong>), expliquons comment nous collectons et traitons autrement les donn\u00e9es personnelles lorsque vous visitez notre site web, lorsque vous achetez nos produits ou services, lorsque nous \u00e9tablissons ou traitons une relation commerciale avec vous en tant que partenaire commercial ou votre employeur, ou lorsque vous avez affaire \u00e0 nous d\u2019une autre mani\u00e8re.<\/p>\n<p>Dans certaines circonstances, d\u2019autres d\u00e9clarations de protection des donn\u00e9es ou d\u2019autres documents juridiques tels que des conditions g\u00e9n\u00e9rales de vente, des conditions d\u2019utilisation ou de participation peuvent s\u2019appliquer, raison pour laquelle il ne s\u2019agit pas dans tous les cas d\u2019une description exhaustive de notre traitement des donn\u00e9es.<\/p>\n<p>Par <strong>donn\u00e9es personnelles<\/strong>, on entend toutes les informations qui se rapportent \u00e0 une personne identifi\u00e9e ou identifiable. Le <strong>traitement <\/strong>comprend toute manipulation de donn\u00e9es personnelles, quels que soient les moyens et proc\u00e9d\u00e9s utilis\u00e9s, notamment la conservation, la communication, l\u2019acquisition, la collecte, l\u2019effacement, l\u2019enregistrement, la modification, la destruction et l\u2019utilisation de donn\u00e9es personnelles.<\/p>\n<p>Si vous nous communiquez des donn\u00e9es personnelles d\u2019autres personnes (par ex. des donn\u00e9es de collaborateurs ou de membres de la famille), nous partons du principe que vous vous \u00eates assur\u00e9 que ces personnes connaissent la pr\u00e9sente d\u00e9claration de protection des donn\u00e9es, que ces donn\u00e9es personnelles sont correctes et que vous ne nous communiquez leurs donn\u00e9es personnelles que si vous \u00eates autoris\u00e9 \u00e0 le faire.<\/p>\n<p>Nous sommes en principe soumis au droit suisse de la protection des donn\u00e9es, raison pour laquelle la pr\u00e9sente d\u00e9claration de protection des donn\u00e9es est principalement con\u00e7ue en fonction de la loi suisse sur la protection des donn\u00e9es (<strong>LPD<\/strong>). La question de savoir si le r\u00e8glement g\u00e9n\u00e9ral de l\u2019UE sur la protection des donn\u00e9es (<strong>RGPD<\/strong>) ou d\u2019autres lois sur la protection des donn\u00e9es s\u2019appliqueraient d\u00e9pend toutefois de chaque cas particulier.<\/p>\n<p>\u00a0<\/p>\n<h3><strong>2. Qui est responsable?<\/strong><\/h3>\n<p>Le responsable du traitement des donn\u00e9es d\u00e9crites ici est Clever Sports AG \u00e0 Arbon, sauf indication contraire dans le cas particulier.<\/p>\n<p>Si vous avez des questions concernant la protection des donn\u00e9es, vous pouvez les adresser \u00e0 l\u2019adresse de contact suivante:<\/p>\n<p>Clever Sports AG<br \/>P\u00fcndtstrasse 1<br \/>9320 Arbon<\/p>\n<p><a href=\"mailto:service@clever-fit.ch\">service@clever-fit.ch<\/a><\/p>\n<p>\u00a0<\/p>\n<h3><strong>3. Comment collectons-nous vos donn\u00e9es?<\/strong><\/h3>\n<p>En principe, nous traitons les donn\u00e9es personnelles que nous recevons de nos membres, clients et autres partenaires commerciaux (en particulier aussi des fournisseurs) dans le cadre de nos relations d\u2019affaires avec eux et d\u2019autres personnes impliqu\u00e9es dans ces relations, ou que nous collectons aupr\u00e8s de leurs utilisateurs lors de l\u2019exploitation de nos sites web, apps et autres applications, en particulier aussi lors de l\u2019interaction avec nos profils sur les r\u00e9seaux sociaux.<\/p>\n<p>Il se peut que nous utilisions \u00e9galement des sources accessibles au public (par ex. donn\u00e9es pouvant \u00eatre obtenues aupr\u00e8s d\u2019autres entreprises li\u00e9es ou de nos partenaires commerciaux, des autorit\u00e9s et d\u2019autres tiers (comme les agences de renseignements sur le cr\u00e9dit).<\/p>\n<p>\u00a0<\/p>\n<h3><strong>4. Quelles donn\u00e9es traitons-nous?<\/strong><\/h3>\n<p>Nous traitons les donn\u00e9es que vous nous transmettez directement dans le cadre de l\u2019utilisation de nos offres et services ainsi que de notre relation commerciale, par exemple au moyen d\u2019un formulaire d\u2019inscription ou d\u2019un questionnaire de sant\u00e9 (p. ex. coordonn\u00e9es, donn\u00e9es relatives \u00e0 la sant\u00e9, etc.), ou qui r\u00e9sultent de l\u2019utilisation de nos offres et services ou de l\u2019ex\u00e9cution de la relation commerciale (p. ex. donn\u00e9es contractuelles g\u00e9n\u00e9rales, donn\u00e9es d\u2019utilisation, donn\u00e9es comportementales, donn\u00e9es relatives au traitement des paiements, int\u00e9r\u00eats, etc.) Nous traitons \u00e9galement les donn\u00e9es que vous mettez \u00e0 notre disposition dans le cadre d\u2019une candidature.<\/p>\n<p>Outre ces donn\u00e9es, les cat\u00e9gories de donn\u00e9es personnelles que nous pouvons obtenir de tiers \u00e0 votre sujet comprennent notamment<\/p>\n<ul>\n<li>des donn\u00e9es provenant de registres publics ainsi que de renseignements sur la solvabilit\u00e9 (dans la mesure o\u00f9 nous traitons personnellement des affaires avec vous);<\/li>\n<li>des informations que nous obtenons \u00e9ventuellement dans le cadre de proc\u00e9dures administratives et judiciaires;<\/li>\n<li>des informations en rapport avec vos fonctions et activit\u00e9s professionnelles (pour que nous puissions par exemple conclure et traiter des affaires avec votre employeur avec votre aide);<\/li>\n<li>des informations vous concernant dans la correspondance et les discussions avec des tiers;<\/li>\n<li>des informations vous concernant, que nous fournissent des personnes de votre entourage (famille, amis, employeurs, conseillers, repr\u00e9sentants juridiques, etc.) afin que nous puissions conclure ou ex\u00e9cuter des contrats avec vous ou avec votre participation [par ex. r\u00e9f\u00e9rences, votre adresse pour des livraisons, procurations, donn\u00e9es des banques, assurances, distributeurs et autres partenaires contractuels de nous pour l\u2019utilisation ou la fourniture de prestations par vous (p. ex. paiements effectu\u00e9s, achats effectu\u00e9s)];<\/li>\n<li>des donn\u00e9es provenant des m\u00e9dias et d\u2019Internet vous concernant (dans la mesure o\u00f9 cela est indiqu\u00e9 dans un cas concret, par exemple dans le cadre d\u2019une candidature, d\u2019une revue de presse, du marketing\/de la vente, etc.), vos adresses et, le cas \u00e9ch\u00e9ant des int\u00e9r\u00eats et autres donn\u00e9es sociod\u00e9mographiques (pour le marketing);<\/li>\n<li>des donn\u00e9es et des informations en rapport avec l\u2019utilisation du site web ou des r\u00e9seaux sociaux que nous utilisons (par ex. adresse IP, adresse MAC du smartphone ou de l\u2019ordinateur, informations sur votre appareil et param\u00e8tres, cookies, date et heure de la visite, pages et contenus consult\u00e9s, fonctions utilis\u00e9es, site web de r\u00e9f\u00e9rence, donn\u00e9es de localisation).<\/li>\n<\/ul>\n<p>\u00a0<\/p>\n<h3><strong>5. Pourquoi traitons-nous vos donn\u00e9es et sur quelle base juridique?<\/strong><\/h3>\n<p>Lorsque nous traitons des donn\u00e9es personnelles, il s\u2019agit notamment de conclure et d\u2019ex\u00e9cuter nos contrats avec nos clients et nos partenaires commerciaux. Cela concerne en particulier le traitement dans le cadre de l\u2019utilisation de nos centres de fitness, des entra\u00eenements propos\u00e9s ainsi que d\u2019autres prestations de service (par ex. garde d\u2019enfants) et, en g\u00e9n\u00e9ral, l\u2019ex\u00e9cution du contrat avec nos clients et l\u2019achat de produits et de prestations de service aupr\u00e8s de nos fournisseurs et sous-traitants (dans la mesure o\u00f9 le RGPD est applicable, cela concerne l\u2019art. 6, al. 1, let. b du RGPD). Dans ce contexte, nous traitons vos donn\u00e9es notamment pour ex\u00e9cuter le contrat avec vous et pour communiquer avec vous.<\/p>\n<p>Il se peut que vos donn\u00e9es personnelles soient \u00e9galement concern\u00e9es si vous travaillez pour l\u2019un de nos clients ou partenaires commerciaux (dans la mesure o\u00f9 le RGPD s\u2019applique, cela concerne l\u2019art. 6, al. 1, let. f du RGPD). Dans ces cas, notre int\u00e9r\u00eat l\u00e9gitime consiste \u00e0 g\u00e9rer la relation commerciale de mani\u00e8re optimale et aussi efficace que possible. Nous devons \u00e9galement traiter certaines donn\u00e9es pour nous conformer \u00e0 nos obligations l\u00e9gales en Suisse et \u00e0 l\u2019\u00e9tranger (dans la mesure o\u00f9 le RGPD est applicable, cela concerne l\u2019art. 6, al. 1, let. c du RGPD).<\/p>\n<p>En outre, nous traitons les donn\u00e9es personnelles, dans la mesure o\u00f9 cela est autoris\u00e9 et nous semble appropri\u00e9, \u00e9galement pour les finalit\u00e9s suivantes, pour lesquelles nous (et dans certains cas \u00e9galement des tiers) avons un int\u00e9r\u00eat l\u00e9gitime correspondant \u00e0 la finalit\u00e9 (dans la mesure o\u00f9 le RGPD est applicable, cela concerne l\u2019art. 6, al. 1, let. f du RGPD):<\/p>\n<ul>\n<li>offre et d\u00e9veloppement de nos offres, services et sites web, applications et autres plateformes sur lesquelles nous sommes pr\u00e9sents;<\/li>\n<li>communication avec des tiers et traitement de leurs demandes (par ex. candidatures, demandes des m\u00e9dias, autorit\u00e9s, etc.);<\/li>\n<li>examen et optimisation des proc\u00e9dures d\u2019analyse des besoins en vue d\u2019une approche directe des clients ainsi que collecte de donn\u00e9es personnelles \u00e0 partir de sources accessibles au public en vue de l\u2019acquisition de clients;<\/li>\n<li>publicit\u00e9 et marketing (y compris l\u2019organisation d\u2019\u00e9v\u00e9nements), dans la mesure o\u00f9 vous ne vous \u00eates pas oppos\u00e9 \u00e0 l\u2019utilisation de vos donn\u00e9es (si, en tant que client existant, nous vous envoyons de la publicit\u00e9, vous pouvez vous y opposer \u00e0 tout moment, nous vous inscrirons alors sur une liste d\u2019opposition \u00e0 d\u2019autres envois publicitaires);<\/li>\n<li>\u00e9tudes de march\u00e9 et d\u2019opinion, observation des m\u00e9dias;<\/li>\n<li>exercice de droits juridiques et d\u00e9fense dans le cadre de litiges juridiques et de proc\u00e9dures administratives;<\/li>\n<li>pr\u00e9vention et \u00e9lucidation de d\u00e9lits et autres comportements r\u00e9pr\u00e9hensibles (par exemple r\u00e9alisation d\u2019enqu\u00eates internes, analyse des donn\u00e9es pour lutter contre la fraude);<\/li>\n<li>garanties de notre fonctionnement, notamment informatique, de nos sites web, applications et autres plateformes;<\/li>\n<li>surveillance vid\u00e9o pour la pr\u00e9servation du droit d\u2019occuper les locaux et autres mesures pour la s\u00e9curit\u00e9 informatique, des b\u00e2timents et des installations et la protection de nos collaborateurs et autres personnes et des valeurs qui nous appartiennent ou qui nous sont confi\u00e9es (par ex. contr\u00f4les d\u2019acc\u00e8s, listes de visiteurs, scanners de r\u00e9seau et de messagerie, enregistrements t\u00e9l\u00e9phoniques);<\/li>\n<li>achat et vente de domaines d\u2019activit\u00e9, de soci\u00e9t\u00e9s ou de parties de soci\u00e9t\u00e9s et d\u2019autres transactions relevant du droit des soci\u00e9t\u00e9s et le transfert de donn\u00e9es personnelles qui y est li\u00e9, ainsi que les mesures de gestion des affaires et de respect des obligations l\u00e9gales et r\u00e9glementaires ainsi que des prescriptions internes de Clever Sports ou du groupe d\u2019entreprises Manser Group AG.<\/li>\n<\/ul>\n<p>Dans la mesure o\u00f9 vous nous avez donn\u00e9 votre consentement au traitement de vos donn\u00e9es personnelles \u00e0 des fins sp\u00e9cifiques (par exemple lors de votre inscription pour recevoir des newsletters), nous traitons vos donn\u00e9es personnelles dans le cadre et sur la base de ce consentement, dans la mesure o\u00f9 nous ne disposons pas d\u2019une autre base juridique et o\u00f9 nous avons besoin d\u2019une telle base (dans la mesure o\u00f9 le RGPD est applicable, cela concerne l\u2019art. 6, al. 1, let. a du RGPD). Un consentement donn\u00e9 peut \u00eatre r\u00e9voqu\u00e9 \u00e0 tout moment, ce qui n\u2019a toutefois aucun effet sur les traitements de donn\u00e9es d\u00e9j\u00e0 effectu\u00e9s.<\/p>\n<p>\u00a0<\/p>\n<h3><strong>6. Qu\u2019advient-il de vos donn\u00e9es collect\u00e9es ou trait\u00e9es dans le cadre de l\u2019utilisation de notre site web \/ de notre application \/ des r\u00e9seaux sociaux?<\/strong><\/h3>\n<p>Sur notre site web et nos applications, nous utilisons des \u00abcookies\u00bb et des techniques comparables qui permettent d\u2019identifier votre navigateur ou votre appareil.<\/p>\n<p>Les <strong>cookies<\/strong> sont des fichiers texte qui sont d\u00e9pos\u00e9s sur votre terminal (PC, ordinateur portable, tablette ou smartphone). Ces fichiers texte sont t\u00e9l\u00e9charg\u00e9s par votre navigateur lorsque vous visitez notre site pour la premi\u00e8re fois ou lorsque vous installez notre application. Lorsque vous visitez \u00e0 nouveau un site web avec le m\u00eame appareil ou navigateur, le cookie et les informations qu\u2019il contient sont soit renvoy\u00e9s au site web qui l\u2019a cr\u00e9\u00e9 (<strong>cookie d\u2019origine<\/strong>), soit envoy\u00e9s \u00e0 un autre site web auquel il appartient (<strong>cookie tiers<\/strong>). En cons\u00e9quence, le site web reconna\u00eet que cela concerne le m\u00eame utilisateur et adapte l\u2019affichage du contenu sur le site web. Outre les cookies qui ne sont utilis\u00e9s que pendant une session et qui sont supprim\u00e9s apr\u00e8s votre visite du site web (<strong>cookies de session<\/strong>), les cookies peuvent \u00e9galement \u00eatre utilis\u00e9s pour enregistrer les pr\u00e9f\u00e9rences de l\u2019utilisateur et d\u2019autres informations pendant une dur\u00e9e d\u00e9termin\u00e9e (par exemple deux ans) (<strong><strong>cookies permanents<\/strong>).<\/p>\n<p>Vous avez la possibilit\u00e9 de configurer votre navigateur de mani\u00e8re \u00e0 ce qu\u2019il refuse les cookies, qu\u2019il ne les enregistre que pour une session ou qu\u2019il les supprime pr\u00e9matur\u00e9ment. La plupart des navigateurs sont pr\u00e9r\u00e9gl\u00e9s pour accepter les cookies. Nous utilisons des cookies permanents pour enregistrer les pr\u00e9f\u00e9rences de l\u2019utilisateur (par exemple, la langue, l\u2019autologin), pour mieux comprendre comment vous utilisez nos offres et nos contenus et pour pouvoir vous proposer des offres et des publicit\u00e9s adapt\u00e9es \u00e0 vos besoins (ce qui peut \u00e9galement se produire sur les sites web d\u2019autres entreprises; celles-ci n\u2019apprennent toutefois pas de notre part qui vous \u00eates, si tant est que nous le sachions nous-m\u00eames, car elles voient uniquement que le m\u00eame utilisateur se trouve sur leur site web que celui qui a visit\u00e9 une page donn\u00e9e chez nous). Certains cookies sont plac\u00e9s par nos soins, d\u2019autres par des partenaires contractuels avec lesquels nous travaillons. Si vous bloquez les cookies, il se peut que certaines fonctionnalit\u00e9s (comme le choix de la langue, le panier d\u2019achat, les processus de commande) ne fonctionnent plus.<\/p>\n<p>Nous int\u00e9grons \u00e9galement dans nos <strong>newsletters<\/strong> et autres <strong>e-mails marketing<\/strong>, en partie et dans la mesure o\u00f9 cela est autoris\u00e9, des \u00e9l\u00e9ments visuels visibles et invisibles, dont la r\u00e9cup\u00e9ration par nos serveurs nous permet de d\u00e9terminer si et quand vous avez ouvert l\u2019e-mail, afin de pouvoir l\u00e0 aussi mesurer et mieux comprendre comment vous utilisez nos offres et les adapter \u00e0 vous. Vous pouvez bloquer cela dans votre programme de messagerie; la plupart des programmes sont pr\u00e9r\u00e9gl\u00e9s pour que vous le fassiez.<\/p>\n<p>En utilisant notre site web, nos applications et en acceptant de recevoir des newsletters et autres e-mails marketing, vous consentez \u00e0 l\u2019utilisation de ces techniques. Si vous ne voulez pas le faire, vous devez modifier votre navigateur ou votre syst\u00e8me d\u2019exploitation. Configurer votre programme de messagerie en cons\u00e9quence ou d\u00e9sinstaller l\u2019application si cela ne peut pas \u00eatre adapt\u00e9 via les param\u00e8tres.<\/p>\n<p>Nous utilisons parfois <strong>Google Analytics<\/strong> ou des services comparables sur nos sites web. Il s\u2019agit d\u2019un service fourni par des tiers qui peuvent \u00eatre situ\u00e9s dans n\u2019importe quel pays du monde (dans le cas de Google Analytics, il s\u2019agit de Google Irlande (dont le si\u00e8ge est en Irlande), Google Irlande s\u2019appuie sur Google LLC (dont le si\u00e8ge est aux \u00c9tats-Unis) en tant que sous-traitant (tous deux \u00abGoogle\u00bb), www.google.com), qui nous permet de mesurer et d\u2019\u00e9valuer l\u2019utilisation du site (de mani\u00e8re non personnelle). Pour ce faire, des cookies permanents sont \u00e9galement utilis\u00e9s, qui sont plac\u00e9s par le prestataire de services. Dans la mesure o\u00f9 vous vous \u00eates enregistr\u00e9 vous-m\u00eame aupr\u00e8s du prestataire de services, celui-ci vous conna\u00eet \u00e9galement. Le traitement de vos donn\u00e9es personnelles par le prestataire de services s\u2019effectue alors sous la responsabilit\u00e9 du prestataire de services, conform\u00e9ment \u00e0 ses dispositions en mati\u00e8re de protection des donn\u00e9es. Le prestataire de services nous informe uniquement de la mani\u00e8re dont notre site web est utilis\u00e9 (aucune information vous concernant personnellement).<\/p>\n<p>Sur notre site web, nous avons \u00e9galement mis en place ce que l\u2019on appelle des  <strong>plug-ins<\/strong> de r\u00e9seaux sociaux tels que Facebook, Youtube, LinkedIn et Instagram. Cela est reconnaissable gr\u00e2ce aux symboles correspondants. Ces informations peuvent \u00eatre utilis\u00e9es par les op\u00e9rateurs de r\u00e9seau pour leurs propres besoins. Le traitement de vos donn\u00e9es personnelles est alors effectu\u00e9 sous la responsabilit\u00e9 de ce gestionnaire de r\u00e9seau et ses dispositions en mati\u00e8re de protection des donn\u00e9es s\u2019appliquent. En principe, nous ne recevons aucune information vous concernant de la part des op\u00e9rateurs de r\u00e9seau.<\/p>\n<p>Outre les plug-ins sur le site web, nous sommes en outre pr\u00e9sents sur ces r\u00e9seaux sociaux afin d\u2019informer les personnes int\u00e9ress\u00e9es de notre offre et, le cas \u00e9ch\u00e9ant, de communiquer avec elles. Dans la mesure o\u00f9 vous interagissez avec nos profils sur ces r\u00e9seaux sociaux, nous pouvons traiter certaines de vos donn\u00e9es personnelles. Toutefois, lors de l\u2019utilisation de ces r\u00e9seaux sociaux, les conditions g\u00e9n\u00e9rales de vente (CGV) et les conditions d\u2019utilisation ainsi que les d\u00e9clarations de protection des donn\u00e9es et autres dispositions des diff\u00e9rents exploitants de r\u00e9seaux s\u2019appliquent \u00e9galement.<\/p>\n<p>\u00a0<\/p>\n<h3><strong>7. Avec qui partageons-nous vos donn\u00e9es?<\/strong><\/h3>\n<p>Dans le cadre de nos activit\u00e9s commerciales et des objectifs indiqu\u00e9s au chiffre 5, nous pouvons \u00e9galement communiquer vos donn\u00e9es \u00e0 des tiers, dans la mesure o\u00f9 cela est autoris\u00e9 et que nous le jugeons opportun. Cette transmission a lieu soit parce que ces destinataires traitent les donn\u00e9es pour nous (<strong>sous-traitants<\/strong>), soit parce qu\u2019ils souhaitent les utiliser \u00e0 leurs propres fins. Il s\u2019agit notamment des cat\u00e9gories de destinataires suivantes:<\/p>\n<ul>\n<li>prestataires de services (par exemple fiduciaires, imprimeries, banques, assurances, conseillers juridiques, soci\u00e9t\u00e9 de recouvrement, prestataires de services de paiement), y compris les sous-traitants (comme les fournisseurs de services informatiques et de stockage);<\/li>\n<li>des partenaires commerciaux tels que EGYM (fournisseur de l\u2019app clever fit);<\/li>\n<li>des distributeurs, fournisseurs, sous-traitants et autres partenaires commerciaux;<\/li>\n<li>des adh\u00e9rents ou des clients;<\/li>\n<li>des autorit\u00e9s, services administratifs ou tribunaux nationaux ou \u00e9trangers;<\/li>\n<li>des m\u00e9dias;<\/li>\n<li>le public, y compris les visiteurs des sites web et des r\u00e9seaux sociaux;<\/li>\n<li>des concurrents, organisations sectorielles, associations, organisations et autres organismes;<\/li>\n<li>des acqu\u00e9reurs ou des personnes int\u00e9ress\u00e9es par l\u2019acquisition d\u2019activit\u00e9s, de soci\u00e9t\u00e9s ou d\u2019autres parties de la soci\u00e9t\u00e9;<\/li>\n<li>d\u2019autres parties dans des proc\u00e9dures juridiques potentielles ou effectives;<\/li>\n<li>le franchiseur; clever fit GmbH, Centrale du syst\u00e8me;<\/li>\n<li>d\u2019autres soci\u00e9t\u00e9s de Manser Group AG.<\/li>\n<\/ul>\n<p>Ces destinataires se trouvent en principe en Suisse ainsi que dans l\u2019Espace \u00e9conomique europ\u00e9en (EEE), mais peuvent aussi se trouver n\u2019importe o\u00f9 sur la plan\u00e8te. Vous devez notamment vous attendre \u00e0 ce que vos donn\u00e9es soient transf\u00e9r\u00e9es dans tous les pays o\u00f9 se trouvent les prestataires de services que nous utilisons (comme Microsoft, Google).<\/p>\n<p>Si un destinataire se trouve dans un pays ne disposant pas d\u2019une l\u00e9gislation ad\u00e9quate en mati\u00e8re de protection des donn\u00e9es, nous obligeons contractuellement le destinataire \u00e0 respecter la l\u00e9gislation applicable en mati\u00e8re de protection des donn\u00e9es (nous utilisons \u00e0 cet effet les clauses contractuelles types r\u00e9vis\u00e9es de la Commission europ\u00e9enne, qui sont disponibles ici: https:\/\/eur-lex.europa.eu\/eli\/dec_impl\/2021\/914\/oj?), dans la mesure o\u00f9 il n\u2019est pas d\u00e9j\u00e0 soumis \u00e0 un ensemble de r\u00e8gles reconnues par la loi pour garantir la protection des donn\u00e9es et o\u00f9 nous ne pouvons pas nous appuyer sur une disposition d\u2019exception. Une exception peut s\u2019appliquer notamment en cas de proc\u00e9dure juridique \u00e0 l\u2019\u00e9tranger, mais aussi dans des cas d\u2019int\u00e9r\u00eats publics pr\u00e9pond\u00e9rants ou si l\u2019ex\u00e9cution d\u2019un contrat n\u00e9cessite une telle communication, si vous avez donn\u00e9 votre consentement ou s\u2019il s\u2019agit de donn\u00e9es que vous avez rendues g\u00e9n\u00e9ralement accessibles et dont vous ne vous \u00eates pas oppos\u00e9 au traitement.<\/p>\n<p>\u00a0<\/p>\n<h3><strong>8. Combien de temps conservons-nous vos donn\u00e9es?<\/strong><\/h3>\n<p>Nous traitons et conservons vos donn\u00e9es personnelles aussi longtemps que cela est n\u00e9cessaire pour remplir nos obligations contractuelles et l\u00e9gales ou pour atteindre les objectifs poursuivis par le traitement (par exemple, aussi longtemps qu\u2019il existe un int\u00e9r\u00eat pour nos newsletters et que vous ne vous d\u00e9sabonnez pas). Par exemple, nous traitons vos donn\u00e9es personnelles pendant toute la dur\u00e9e de la relation commerciale (de l\u2019initiation, du d\u00e9roulement et de la fin d\u2019un contrat) ainsi qu\u2019au-del\u00e0, conform\u00e9ment aux obligations l\u00e9gales de conservation et de documentation. Dans ce contexte, il est possible que les donn\u00e9es personnelles soient conserv\u00e9es pendant la p\u00e9riode au cours de laquelle des droits peuvent \u00eatre exerc\u00e9s \u00e0 l\u2019encontre de notre entreprise et dans la mesure o\u00f9 nous y sommes contraints par ailleurs par la loi ou si des int\u00e9r\u00eats commerciaux l\u00e9gitimes l\u2019exigent (par exemple \u00e0 des fins de preuve et de documentation). D\u00e8s que vos donn\u00e9es personnelles ne sont plus n\u00e9cessaires aux fins susmentionn\u00e9es, elles sont en principe et dans la mesure du possible effac\u00e9es ou rendues anonymes. Pour les donn\u00e9es d\u2019exploitation (p. ex. journaux de syst\u00e8me, logs), des d\u00e9lais de conservation plus courts de douze mois ou moins s\u2019appliquent en principe.<\/p>\n<p>\u00a0<\/p>\n<h3><strong>9. Comment prot\u00e9geons-nous vos donn\u00e9es?<\/strong><\/h3>\n<p>Nous prenons des mesures techniques et organisationnelles appropri\u00e9es pour prot\u00e9ger vos donn\u00e9es personnelles. Cela concerne notamment la protection contre les acc\u00e8s non autoris\u00e9s et les abus, comme l\u2019\u00e9mission de directives, les formations, les solutions de s\u00e9curit\u00e9 informatique et de r\u00e9seau, les contr\u00f4les et les restrictions d\u2019acc\u00e8s, le cryptage des supports de donn\u00e9es et des transmissions, la pseudonymisation, les contr\u00f4les.<\/p>\n<p>Malgr\u00e9 les mesures de s\u00e9curit\u00e9 que nous avons prises, le traitement de donn\u00e9es personnelles, en particulier lors de l\u2019utilisation d\u2019Internet, est toujours li\u00e9 \u00e0 certains risques et \u00e0 des failles de s\u00e9curit\u00e9 \u2013 une s\u00e9curit\u00e9 absolue des donn\u00e9es ne peut donc pas \u00eatre garantie.<\/p>\n<p>\u00a0<\/p>\n<h3><strong>10. Pourquoi devez-vous nous fournir certaines donn\u00e9es?<\/strong><\/h3>\n<p>Sans certaines donn\u00e9es personnelles, il ne nous est en g\u00e9n\u00e9ral pas possible de conclure ou g\u00e9rer la relation contractuelle avec vous ou avec le service ou  la personne que que vous repr\u00e9sentez et de remplir nos obligations contractuelles ou, en partie aussi, l\u00e9gales. C\u2019est pourquoi nous avons besoin que vous nous fournissiez certaines donn\u00e9es personnelles n\u00e9cessaires \u00e0 l\u2019\u00e9tablissement et \u00e0 l\u2019ex\u00e9cution de notre relation contractuelle et au respect des obligations contractuelles qui y sont li\u00e9es. Le site web ne peut pas non plus \u00eatre utilis\u00e9 si certaines donn\u00e9es permettant de s\u00e9curiser le trafic de donn\u00e9es (comme l\u2019adresse IP) ne sont pas divulgu\u00e9es.<\/p>\n<p>\u00a0<\/p>\n<h3><strong>11. Pratiquons-nous le profilage ou des d\u00e9cisions automatis\u00e9es sont-elles prises chez nous?<\/strong><\/h3>\n<p>Dans certains cas, nous traitons vos donn\u00e9es personnelles de mani\u00e8re partiellement automatis\u00e9e dans le but d\u2019\u00e9valuer certains aspects personnels (<strong>profilage<\/strong>). Nous utilisons le profilage pour vous informer de mani\u00e8re cibl\u00e9e sur les produits ou  les services et vous fournir des conseils optimis\u00e9s. Pour ce faire, nous utilisons des instruments d\u2019\u00e9valuation qui nous permettent de communiquer et de faire de la publicit\u00e9 en fonction des besoins, y compris des \u00e9tudes de march\u00e9 et d\u2019opinion.<\/p>\n<p>Nous ne proc\u00e9dons toutefois pas \u00e0 des prises de d\u00e9cision enti\u00e8rement automatis\u00e9es (comme le pr\u00e9voit par exemple l\u2019article 22 du RGPD).<\/p>\n<p>\u00a0<\/p>\n<h3><strong>12. Quels sont vos droits en ce qui concerne vos donn\u00e9es?<\/strong><\/h3>\n<p>Dans le cadre de la l\u00e9gislation sur la protection des donn\u00e9es qui vous est applicable et dans la mesure o\u00f9 elle le pr\u00e9voit (comme dans le cas du RGPD), vous avez le droit d\u2019<strong>obtenir des informations<\/strong>, de <strong>rectifier<\/strong>, d\u2019<strong>effacer<\/strong>, de <strong>limiter<\/strong> le traitement des donn\u00e9es et de vous <strong>opposer<\/strong> \u00e0 nos traitements de donn\u00e9es, en particulier ceux effectu\u00e9s \u00e0 des fins de marketing direct, de profilage \u00e0 des fins de publicit\u00e9 directe et d\u2019autres int\u00e9r\u00eats l\u00e9gitimes dans le traitement, ainsi qu\u2019\u00e0 la <strong>remise de<\/strong> certaines donn\u00e9es personnelles en vue de leur transfert \u00e0 un autre organisme.<\/p>\n<p>Veuillez toutefois noter que nous nous <strong>r\u00e9servons le droit<\/strong> de faire valoir de notre c\u00f4t\u00e9 les restrictions pr\u00e9vues par la loi, par exemple si nous sommes tenus de conserver ou de traiter certaines donn\u00e9es, si nous avons un int\u00e9r\u00eat pr\u00e9pond\u00e9rant \u00e0 le faire (dans la mesure o\u00f9 nous pouvons l\u2019invoquer) ou si nous en avons besoin pour faire valoir des droits.<\/p>\n<p>Si des frais sont \u00e0 votre charge, nous vous en informerons au pr\u00e9alable. Nous vous avons d\u00e9j\u00e0 inform\u00e9 au chifre 5 de la possibilit\u00e9 de r\u00e9voquer votre consentement. Notez que l\u2019exercice de ces droits peut entrer en conflit avec des accords contractuels et peut avoir des cons\u00e9quences telles que la r\u00e9siliation anticip\u00e9e du contrat ou des cons\u00e9quences financi\u00e8res. Nous vous en informerons au pr\u00e9alable si cela n\u2019est pas d\u00e9j\u00e0 pr\u00e9vu dans le contrat.<\/p>\n<p>Si vous souhaitez exercer ces droits, nous devons vous identifier, par exemple au moyen d\u2019une copie de votre carte d\u2019identit\u00e9, dans la mesure o\u00f9 votre identit\u00e9 ne peut pas \u00eatre clairement identifi\u00e9e d\u2019une autre mani\u00e8re.<\/p>\n<p>Pour faire valoir vos droits, vous pouvez nous contacter \u00e0 l\u2019adresse indiqu\u00e9e au chiffre 1.<\/p>\n<p>Outre l\u2019exercice de ces droits directement aupr\u00e8s de nous, toute personne concern\u00e9e a en principe le droit de faire valoir ses droits en justice ou de d\u00e9poser une plainte aupr\u00e8s de l\u2019autorit\u00e9 comp\u00e9tente en mati\u00e8re de protection des donn\u00e9es. En Suisse, l\u2019autorit\u00e9 comp\u00e9tente en mati\u00e8re de protection des donn\u00e9es est le Pr\u00e9pos\u00e9 f\u00e9d\u00e9ral \u00e0 la protection des donn\u00e9es et \u00e0 la transparence (<strong>PFPDT<\/strong>): <a href=\"http:\/\/www.edoeb.admin.ch\" target=\"_blank\" rel=\"noopener\">http:\/\/www.edoeb.admin.ch<\/a>.<\/p>\n<p>\u00a0<\/p>\n<h3><strong>13. Autres informations utiles<\/strong><\/h3>\n<p>Nous pouvons adapter et compl\u00e9ter cette d\u00e9claration de protection des donn\u00e9es \u00e0 tout moment et sans pr\u00e9avis. La version en vigueur publi\u00e9e sur notre site web fait foi. Dans la mesure o\u00f9 la d\u00e9claration de protection des donn\u00e9es fait partie d\u2019un accord conclu avec vous, nous vous informerons, en cas de mise \u00e0 jour, de la modification par e-mail ou par tout autre moyen appropri\u00e9, notamment la publication sur notre site web.<\/p>\n\t\t\t\t<\/div>\n\t\t\t\t<\/div>\n\t\t\t\t\t<\/div>\n\t\t\t\t<\/div>\n\t\t\t\t\t<\/div>\n\t\t\t\t<\/div>\n\t\t<div data-particle_enable=\"false\" data-particle-mobile-disabled=\"false\" class=\"elementor-element elementor-element-3cd4b7d e-flex e-con-boxed e-con e-parent\" data-id=\"3cd4b7d\" data-element_type=\"container\" data-e-type=\"container\">\n\t\t\t\t\t<div class=\"e-con-inner\">\n\t\t\t\t<div class=\"elementor-element elementor-element-975d365 elementor-widget elementor-widget-spacer\" data-id=\"975d365\" data-element_type=\"widget\" data-e-type=\"widget\" data-widget_type=\"spacer.default\">\n\t\t\t\t<div class=\"elementor-widget-container\">\n\t\t\t\t\t\t\t<div class=\"elementor-spacer\">\n\t\t\t<div class=\"elementor-spacer-inner\"><\/div>\n\t\t<\/div>\n\t\t\t\t\t\t<\/div>\n\t\t\t\t<\/div>\n\t\t\t\t\t<\/div>\n\t\t\t\t<\/div>\n\t\t\t\t<\/div>\n\t\t","protected":false},"excerpt":{"rendered":"<p>D\u00e9claration de protection des donn\u00e9es D\u00e9claration de \u00ad\u00ad\u00adprotection des donn\u00e9es der Clever Sports AG, Arbon Table des mati\u00e8res 1. De quoi s\u2019agit-il? Par la pr\u00e9sente d\u00e9claration de protection des donn\u00e9es, [&hellip;]<\/p>\n","protected":false},"author":2,"featured_media":0,"parent":0,"menu_order":0,"comment_status":"closed","ping_status":"closed","template":"","meta":{"_acf_changed":false,"_seopress_robots_primary_cat":"","_seopress_titles_title":"D\u00e9claration de protection des donn\u00e9es \u2013 clever fit Suisse \ud83d\udd12","_seopress_titles_desc":"D\u00e9couvre dans cette d\u00e9claration de protection des donn\u00e9es comment et dans quelle mesure clever fit Suisse prot\u00e8ge, utilise et transmet les donn\u00e9es que tu as valid\u00e9es et quels sont tes droits.","_seopress_robots_index":"","footnotes":""},"class_list":["post-319841","page","type-page","status-publish","hentry"],"acf":[],"_links":{"self":[{"href":"https:\/\/www.clever-fit.com\/fr-CH\/wp-json\/wp\/v2\/pages\/319841","targetHints":{"allow":["GET"]}}],"collection":[{"href":"https:\/\/www.clever-fit.com\/fr-CH\/wp-json\/wp\/v2\/pages"}],"about":[{"href":"https:\/\/www.clever-fit.com\/fr-CH\/wp-json\/wp\/v2\/types\/page"}],"author":[{"embeddable":true,"href":"https:\/\/www.clever-fit.com\/fr-CH\/wp-json\/wp\/v2\/users\/2"}],"replies":[{"embeddable":true,"href":"https:\/\/www.clever-fit.com\/fr-CH\/wp-json\/wp\/v2\/comments?post=319841"}],"version-history":[{"count":4,"href":"https:\/\/www.clever-fit.com\/fr-CH\/wp-json\/wp\/v2\/pages\/319841\/revisions"}],"predecessor-version":[{"id":323148,"href":"https:\/\/www.clever-fit.com\/fr-CH\/wp-json\/wp\/v2\/pages\/319841\/revisions\/323148"}],"wp:attachment":[{"href":"https:\/\/www.clever-fit.com\/fr-CH\/wp-json\/wp\/v2\/media?parent=319841"}],"curies":[{"name":"wp","href":"https:\/\/api.w.org\/{rel}","templated":true}]}}