{"id":319845,"date":"2022-12-07T15:14:13","date_gmt":"2022-12-07T14:14:13","guid":{"rendered":"https:\/\/www.clever-fit.com\/contact\/"},"modified":"2026-01-29T16:07:54","modified_gmt":"2026-01-29T15:07:54","slug":"contact","status":"publish","type":"page","link":"https:\/\/www.clever-fit.com\/fr-CH\/contact\/","title":{"rendered":"Contact"},"content":{"rendered":"\t\t<div data-elementor-type=\"wp-page\" data-elementor-id=\"319845\" class=\"elementor elementor-319845 elementor-71825\" data-elementor-post-type=\"page\">\n\t\t\t\t<div data-particle_enable=\"false\" data-particle-mobile-disabled=\"false\" class=\"elementor-element elementor-element-ea184a5 e-flex e-con-boxed e-con e-parent\" data-id=\"ea184a5\" data-element_type=\"container\" data-e-type=\"container\">\n\t\t\t\t\t<div class=\"e-con-inner\">\n\t\t\t\t\t<\/div>\n\t\t\t\t<\/div>\n\t\t<div data-particle_enable=\"false\" data-particle-mobile-disabled=\"false\" class=\"elementor-element elementor-element-4e9eacd e-con-full e-flex e-con e-parent\" data-id=\"4e9eacd\" data-element_type=\"container\" data-e-type=\"container\" data-settings=\"{&quot;background_background&quot;:&quot;classic&quot;}\">\n\t\t\t\t<div class=\"elementor-element elementor-element-122407d7 elementor-widget elementor-widget-spacer\" data-id=\"122407d7\" data-element_type=\"widget\" data-e-type=\"widget\" data-widget_type=\"spacer.default\">\n\t\t\t\t<div class=\"elementor-widget-container\">\n\t\t\t\t\t\t\t<div class=\"elementor-spacer\">\n\t\t\t<div class=\"elementor-spacer-inner\"><\/div>\n\t\t<\/div>\n\t\t\t\t\t\t<\/div>\n\t\t\t\t<\/div>\n\t\t<div data-particle_enable=\"false\" data-particle-mobile-disabled=\"false\" class=\"elementor-element elementor-element-6620b531 e-flex e-con-boxed e-con e-child\" data-id=\"6620b531\" data-element_type=\"container\" data-e-type=\"container\">\n\t\t\t\t\t<div class=\"e-con-inner\">\n\t\t\t\t<div class=\"elementor-element elementor-element-54caf9d elementor-widget elementor-widget-heading\" data-id=\"54caf9d\" data-element_type=\"widget\" data-e-type=\"widget\" data-widget_type=\"heading.default\">\n\t\t\t\t<div class=\"elementor-widget-container\">\n\t\t\t\t\t<h3 class=\"elementor-heading-title elementor-size-default\">CONTACT<\/h3>\t\t\t\t<\/div>\n\t\t\t\t<\/div>\n\t\t\t\t<div class=\"elementor-element elementor-element-4989819 elementor-widget elementor-widget-heading\" data-id=\"4989819\" data-element_type=\"widget\" data-e-type=\"widget\" data-widget_type=\"heading.default\">\n\t\t\t\t<div class=\"elementor-widget-container\">\n\t\t\t\t\t<div class=\"elementor-heading-title elementor-size-default\">CLEVER FIT SUISSE<\/div>\t\t\t\t<\/div>\n\t\t\t\t<\/div>\n\t\t\t\t\t<\/div>\n\t\t\t\t<\/div>\n\t\t<div data-particle_enable=\"false\" data-particle-mobile-disabled=\"false\" class=\"elementor-element elementor-element-4ac97aa4 e-flex e-con-boxed e-con e-child\" data-id=\"4ac97aa4\" data-element_type=\"container\" data-e-type=\"container\">\n\t\t\t\t\t<div class=\"e-con-inner\">\n\t\t<div data-particle_enable=\"false\" data-particle-mobile-disabled=\"false\" class=\"elementor-element elementor-element-7824bc50 e-con-full e-flex e-con e-child\" data-id=\"7824bc50\" data-element_type=\"container\" data-e-type=\"container\">\n\t\t\t\t<div class=\"elementor-element elementor-element-9777d80 elementor-widget elementor-widget-text-editor\" data-id=\"9777d80\" data-element_type=\"widget\" data-e-type=\"widget\" data-widget_type=\"text-editor.default\">\n\t\t\t\t<div class=\"elementor-widget-container\">\n\t\t\t\t\t\n<p>Pour toute question, notre Customer Care Center est joignable par t\u00e9l\u00e9phone comme suit:<\/p>\n<p style=\"font-weight: 400;\"><strong>Du lundi au vendredi:<\/strong><\/p>\n<p style=\"font-weight: 400;\">09h00-11h00<\/p>\n<p>14h00-16h00<\/p>\n<p>Le Customer Care Center est ferm\u00e9 les jours f\u00e9ri\u00e9s.<\/p>\n<p style=\"font-weight: 400;\"><strong>T\u00e9l.:\u00a0 <a href=\"tel:+41581057777\" data-adtribute-listener=\"2538f398-4e69-4782-8e50-36f58c868b4e\">+41 58 105 77 77<\/a><\/strong><\/p>\n<p><strong>E-mail: <a href=\"mailto:service@clever-fit.ch\">service@clever-fit.ch<\/a><\/strong><\/p>\n<p style=\"font-weight: 400;\">Merci de noter que la r\u00e9siliation ne peut se faire que par \u00e9crit. Tu trouveras tous les d\u00e9tails dans notre <a href=\"#faq\">FAQ<\/a> ci-dessous.<\/p>\n\t\t\t\t<\/div>\n\t\t\t\t<\/div>\n\t\t\t\t<div class=\"elementor-element elementor-element-4da9692 elementor-widget elementor-widget-cle-button\" data-id=\"4da9692\" data-element_type=\"widget\" data-e-type=\"widget\" data-widget_type=\"cle-button.default\">\n\t\t\t\t<div class=\"elementor-widget-container\">\n\t\t\t\t\t        <a href=\"mailto:service@clever-fit.ch\"                class=\"cle-button primary  on-white\">\n            <div class=\"text\" >\n                \u00c9crire un e-mail            <\/div>\n        <\/a>\n        \t\t\t\t<\/div>\n\t\t\t\t<\/div>\n\t\t\t\t<\/div>\n\t\t<div data-particle_enable=\"false\" data-particle-mobile-disabled=\"false\" class=\"elementor-element elementor-element-5473690 e-con-full e-flex e-con e-child\" data-id=\"5473690\" data-element_type=\"container\" data-e-type=\"container\">\n\t\t\t\t<div class=\"elementor-element elementor-element-e0b2d0a elementor-widget elementor-widget-image\" data-id=\"e0b2d0a\" data-element_type=\"widget\" data-e-type=\"widget\" data-widget_type=\"image.default\">\n\t\t\t\t<div class=\"elementor-widget-container\">\n\t\t\t\t\t\t\t\t\t\t\t\t\t\t\t<img loading=\"lazy\" decoding=\"async\" width=\"1394\" height=\"1012\" src=\"https:\/\/www.clever-fit.com\/app\/uploads\/2025\/06\/088A5998_RET_Recruiting_Karriere_clever-fit-Schweiz_small.webp\" class=\"attachment-1536x1536 size-1536x1536 wp-image-299783\" alt=\"\" srcset=\"https:\/\/www.clever-fit.com\/app\/uploads\/2025\/06\/088A5998_RET_Recruiting_Karriere_clever-fit-Schweiz_small.webp 1394w, https:\/\/www.clever-fit.com\/app\/uploads\/2025\/06\/088A5998_RET_Recruiting_Karriere_clever-fit-Schweiz_small-300x218.webp 300w, https:\/\/www.clever-fit.com\/app\/uploads\/2025\/06\/088A5998_RET_Recruiting_Karriere_clever-fit-Schweiz_small-1024x743.webp 1024w, https:\/\/www.clever-fit.com\/app\/uploads\/2025\/06\/088A5998_RET_Recruiting_Karriere_clever-fit-Schweiz_small-768x558.webp 768w\" sizes=\"auto, (max-width: 1394px) 100vw, 1394px\" \/>\t\t\t\t\t\t\t\t\t\t\t\t\t\t\t<\/div>\n\t\t\t\t<\/div>\n\t\t\t\t<\/div>\n\t\t\t\t\t<\/div>\n\t\t\t\t<\/div>\n\t\t\t\t<div class=\"elementor-element elementor-element-2c2c71ca elementor-widget elementor-widget-spacer\" data-id=\"2c2c71ca\" data-element_type=\"widget\" data-e-type=\"widget\" data-widget_type=\"spacer.default\">\n\t\t\t\t<div class=\"elementor-widget-container\">\n\t\t\t\t\t\t\t<div class=\"elementor-spacer\">\n\t\t\t<div class=\"elementor-spacer-inner\"><\/div>\n\t\t<\/div>\n\t\t\t\t\t\t<\/div>\n\t\t\t\t<\/div>\n\t\t\t\t<\/div>\n\t\t<div data-particle_enable=\"false\" data-particle-mobile-disabled=\"false\" class=\"elementor-element elementor-element-98056d0 e-flex e-con-boxed e-con e-parent\" data-id=\"98056d0\" data-element_type=\"container\" data-e-type=\"container\">\n\t\t\t\t\t<div class=\"e-con-inner\">\n\t\t\t\t<div class=\"elementor-element elementor-element-bb3fe0e elementor-widget elementor-widget-spacer\" data-id=\"bb3fe0e\" data-element_type=\"widget\" data-e-type=\"widget\" data-widget_type=\"spacer.default\">\n\t\t\t\t<div class=\"elementor-widget-container\">\n\t\t\t\t\t\t\t<div class=\"elementor-spacer\">\n\t\t\t<div class=\"elementor-spacer-inner\"><\/div>\n\t\t<\/div>\n\t\t\t\t\t\t<\/div>\n\t\t\t\t<\/div>\n\t\t\t\t\t<\/div>\n\t\t\t\t<\/div>\n\t\t<div data-particle_enable=\"false\" data-particle-mobile-disabled=\"false\" class=\"elementor-element elementor-element-1543e5c e-con-full e-flex e-con e-parent\" data-id=\"1543e5c\" data-element_type=\"container\" data-e-type=\"container\" data-settings=\"{&quot;background_background&quot;:&quot;classic&quot;}\">\n\t\t\t\t<div class=\"elementor-element elementor-element-41da231 elementor-widget elementor-widget-spacer\" data-id=\"41da231\" data-element_type=\"widget\" data-e-type=\"widget\" data-widget_type=\"spacer.default\">\n\t\t\t\t<div class=\"elementor-widget-container\">\n\t\t\t\t\t\t\t<div class=\"elementor-spacer\">\n\t\t\t<div class=\"elementor-spacer-inner\"><\/div>\n\t\t<\/div>\n\t\t\t\t\t\t<\/div>\n\t\t\t\t<\/div>\n\t\t\t\t<div class=\"elementor-element elementor-element-9a058db elementor-widget elementor-widget-heading\" data-id=\"9a058db\" data-element_type=\"widget\" data-e-type=\"widget\" data-widget_type=\"heading.default\">\n\t\t\t\t<div class=\"elementor-widget-container\">\n\t\t\t\t\t<h3 class=\"elementor-heading-title elementor-size-default\">FAQ<\/h3>\t\t\t\t<\/div>\n\t\t\t\t<\/div>\n\t\t\t\t<div class=\"elementor-element elementor-element-4349009 elementor-widget elementor-widget-spacer\" data-id=\"4349009\" data-element_type=\"widget\" data-e-type=\"widget\" data-widget_type=\"spacer.default\">\n\t\t\t\t<div class=\"elementor-widget-container\">\n\t\t\t\t\t\t\t<div class=\"elementor-spacer\">\n\t\t\t<div class=\"elementor-spacer-inner\"><\/div>\n\t\t<\/div>\n\t\t\t\t\t\t<\/div>\n\t\t\t\t<\/div>\n\t\t<div data-particle_enable=\"false\" data-particle-mobile-disabled=\"false\" class=\"elementor-element elementor-element-812eb37 e-flex e-con-boxed e-con e-child\" data-id=\"812eb37\" data-element_type=\"container\" data-e-type=\"container\">\n\t\t\t\t\t<div class=\"e-con-inner\">\n\t\t<div data-particle_enable=\"false\" data-particle-mobile-disabled=\"false\" class=\"elementor-element elementor-element-cb22a81 e-flex e-con-boxed e-con e-child\" data-id=\"cb22a81\" data-element_type=\"container\" data-e-type=\"container\">\n\t\t\t\t\t<div class=\"e-con-inner\">\n\t\t\t\t<div class=\"elementor-element elementor-element-03d2f35 elementor-widget elementor-widget-heading\" data-id=\"03d2f35\" data-element_type=\"widget\" data-e-type=\"widget\" data-widget_type=\"heading.default\">\n\t\t\t\t<div class=\"elementor-widget-container\">\n\t\t\t\t\t<h3 class=\"elementor-heading-title elementor-size-default\">\u00c0 propos des centres<\/h3>\t\t\t\t<\/div>\n\t\t\t\t<\/div>\n\t\t\t\t<div class=\"elementor-element elementor-element-3285a6f elementor-widget__width-inherit elementor-widget elementor-widget-eael-adv-accordion\" data-id=\"3285a6f\" data-element_type=\"widget\" data-e-type=\"widget\" data-widget_type=\"eael-adv-accordion.default\">\n\t\t\t\t<div class=\"elementor-widget-container\">\n\t\t\t\t\t            <div class=\"eael-adv-accordion\" id=\"eael-adv-accordion-3285a6f\" data-scroll-on-click=\"no\" data-scroll-speed=\"300\" data-accordion-id=\"3285a6f\" data-accordion-type=\"accordion\" data-toogle-speed=\"200\">\n            <div class=\"eael-accordion-list\">\n\t\t\t\t\t<div id=\"vos-centres-sont-ils-certifis\" class=\"elementor-tab-title eael-accordion-header\" tabindex=\"0\" data-tab=\"1\" aria-controls=\"elementor-tab-content-5291\"><span class=\"eael-advanced-accordion-icon-closed\"><i aria-hidden=\"true\" class=\"fa-accordion-icon fas fa-plus\"><\/i><\/span><span class=\"eael-advanced-accordion-icon-opened\"><i aria-hidden=\"true\" class=\"fa-accordion-icon fas fa-minus\"><\/i><\/span><span class=\"eael-accordion-tab-title\">Vos centres sont-ils certifi\u00e9s?<\/span><i aria-hidden=\"true\" class=\"fa-toggle fas fa-angle-right\"><\/i><\/div><div id=\"elementor-tab-content-5291\" class=\"eael-accordion-content clearfix\" data-tab=\"1\" aria-labelledby=\"vos-centres-sont-ils-certifis\"><p>Oui, nos centres de fitness sont certifi\u00e9s Qualitop. Tu as la possibilit\u00e9 de demander une attestation de caisse-maladie dans ton centre de fitness et de l\u2019envoyer \u00e0 ta caisse-maladie afin d\u2019obtenir un remboursement (selon l\u2019\u00e9tendue et le type de ta caisse-maladie).<\/p>\n<p>Tu peux aussi t\u00e9l\u00e9charger le formulaire de caisse-maladie en ligne \u00e0 tout moment. Pour ce faire, connecte-toi \u00e0 notre boutique avec ton compte et va ensuite sur \u00abAdh\u00e9sion\/formulaire de caisse-maladie\u00bb. Clique ici pour acc\u00e9der \u00e0 la boutique: <a href=\"https:\/\/shop.clever-fit.ch\" target=\"_blank\" rel=\"noopener\"><span style=\"text-decoration: underline\">shop.clever-fit.ch<\/span><\/a><\/p>\n<\/div>\n\t\t\t\t\t<\/div><div class=\"eael-accordion-list\">\n\t\t\t\t\t<div id=\"puis-je-mentraner-dans-tous-les-centres-clever-fit-de-suisse\" class=\"elementor-tab-title eael-accordion-header\" tabindex=\"0\" data-tab=\"2\" aria-controls=\"elementor-tab-content-5292\"><span class=\"eael-advanced-accordion-icon-closed\"><i aria-hidden=\"true\" class=\"fa-accordion-icon fas fa-plus\"><\/i><\/span><span class=\"eael-advanced-accordion-icon-opened\"><i aria-hidden=\"true\" class=\"fa-accordion-icon fas fa-minus\"><\/i><\/span><span class=\"eael-accordion-tab-title\">Puis-je m\u2019entra\u00eener dans tous les centres clever fit de Suisse?<\/span><i aria-hidden=\"true\" class=\"fa-toggle fas fa-angle-right\"><\/i><\/div><div id=\"elementor-tab-content-5292\" class=\"eael-accordion-content clearfix\" data-tab=\"2\" aria-labelledby=\"puis-je-mentraner-dans-tous-les-centres-clever-fit-de-suisse\"><p>Oui! En plus de ton centre pr\u00e8s de chez toi, tu as la possibilit\u00e9 de t\u2019entra\u00eener dans nos centres sur tous les autres sites de Suisse, sans frais suppl\u00e9mentaires.<\/p>\n<\/div>\n\t\t\t\t\t<\/div><div class=\"eael-accordion-list\">\n\t\t\t\t\t<div id=\"dois-je-avoir-atteint-un-ge-minimum-pour-minscrire-dans-un-centre-de-fitness\" class=\"elementor-tab-title eael-accordion-header\" tabindex=\"0\" data-tab=\"3\" aria-controls=\"elementor-tab-content-5293\"><span class=\"eael-advanced-accordion-icon-closed\"><i aria-hidden=\"true\" class=\"fa-accordion-icon fas fa-plus\"><\/i><\/span><span class=\"eael-advanced-accordion-icon-opened\"><i aria-hidden=\"true\" class=\"fa-accordion-icon fas fa-minus\"><\/i><\/span><span class=\"eael-accordion-tab-title\">Dois-je avoir atteint un \u00e2ge minimum pour m\u2019inscrire dans un centre de fitness?<\/span><i aria-hidden=\"true\" class=\"fa-toggle fas fa-angle-right\"><\/i><\/div><div id=\"elementor-tab-content-5293\" class=\"eael-accordion-content clearfix\" data-tab=\"3\" aria-labelledby=\"dois-je-avoir-atteint-un-ge-minimum-pour-minscrire-dans-un-centre-de-fitness\"><p>Pour pouvoir t\u2019entra\u00eener chez clever fit Suisse, tu dois <strong>avoir au moins 14 ans<\/strong>. L\u2019autorisation expresse et \u00e9crite du repr\u00e9sentant l\u00e9gal est requise. Toutefois, tu ne peux alors t\u2019entra\u00eener dans le centre qu\u2019en pr\u00e9sence d\u2019un repr\u00e9sentant l\u00e9gal. Dans ce cas, le repr\u00e9sentant l\u00e9gal, qui assume le devoir d\u2019assistance pendant ton entra\u00eenement, est oblig\u00e9 de souscrire un abonnement.<\/p>\n<p>Des exceptions \u00e0 cette limite d\u2019\u00e2ge s\u2019appliquent aux offres destin\u00e9es aux enfants dans le cadre d\u2019offres sp\u00e9ciales.<\/p>\n<p><strong>\u00c0 partir de l\u2019\u00e2ge de 16 ans<\/strong>, tu peux suivre ton entra\u00eenement de mani\u00e8re autonome sans \u00eatre accompagn\u00e9 d\u2019un repr\u00e9sentant l\u00e9gal. Toutefois, avant l\u2019\u00e2ge de 18 ans r\u00e9volus, l\u2019adh\u00e9sion n\u2019est possible qu\u2019avec l\u2019accord \u00e9crit du repr\u00e9sentant l\u00e9gal.<\/p>\n<p>Int\u00e9ress\u00e9(e)? Alors prends rendez-vous d\u00e8s aujourd\u2019hui pour un entra\u00eenement d\u2019essai gratuit dans le centre de ton choix.<\/p>\n<\/div>\n\t\t\t\t\t<\/div><div class=\"eael-accordion-list\">\n\t\t\t\t\t<div id=\"comment-puis-je-convenir-dun-entranement-dessai-ou-lannuler\" class=\"elementor-tab-title eael-accordion-header\" tabindex=\"0\" data-tab=\"4\" aria-controls=\"elementor-tab-content-5294\"><span class=\"eael-advanced-accordion-icon-closed\"><i aria-hidden=\"true\" class=\"fa-accordion-icon fas fa-plus\"><\/i><\/span><span class=\"eael-advanced-accordion-icon-opened\"><i aria-hidden=\"true\" class=\"fa-accordion-icon fas fa-minus\"><\/i><\/span><span class=\"eael-accordion-tab-title\">Comment puis-je convenir d\u2019un entra\u00eenement d\u2019essai ou l\u2019annuler?<\/span><i aria-hidden=\"true\" class=\"fa-toggle fas fa-angle-right\"><\/i><\/div><div id=\"elementor-tab-content-5294\" class=\"eael-accordion-content clearfix\" data-tab=\"4\" aria-labelledby=\"comment-puis-je-convenir-dun-entranement-dessai-ou-lannuler\"><p>Tu envisages de rejoindre notre famille clever fit Suisse? \ud83d\udcaa Nos entra\u00eeneurs se feront un plaisir de te faire visiter le centre et de t\u2019expliquer tout ce qui concerne le concept d\u2019entra\u00eenement de clever fit Suisse \u2013 gratuitement et sans contrat.<\/p>\n<p><strong>En ligne<\/strong><br \/>R\u00e9serve ton entra\u00eenement d\u2019essai gratuit confortablement en ligne. Pour cela, va sur le <a style=\"text-decoration: underline\" href=\"https:\/\/www.clever-fit.com\/de-CH\/fitnessstudio-in-der-naehe\/\">site du centre<\/a> concern\u00e9 et clique sur le bouton \u00abEntra\u00eenement d\u2019essai\u00bb.<\/p>\n<p>Tu souhaites modifier ta r\u00e9servation ou tu ne peux pas te rendre au rendez-vous? Pour cela, connecte-toi \u00e0 la <a style=\"text-decoration: underline\" href=\"https:\/\/shop.clever-fit.ch\/\" target=\"_blank\" rel=\"noopener\">boutique en ligne<\/a> afin de g\u00e9rer le rendez-vous.<\/p>\n<p><strong>Par t\u00e9l\u00e9phone<\/strong><br \/>Tu souhaites prendre un rendez-vous par t\u00e9l\u00e9phone ou tu dois annuler ton entra\u00eenement gratuit dans les 24 heures? Alors inscris-toi directement aupr\u00e8s du centre! Tu trouveras le num\u00e9ro de t\u00e9l\u00e9phone en ligne sous la rubrique <a style=\"text-decoration: underline\" href=\"https:\/\/www.clever-fit.com\/de-CH\/fitnessstudio-in-der-naehe\/\">\u00abRecherche de centre\u00bb<\/a>.<\/p>\n<\/div>\n\t\t\t\t\t<\/div><\/div>\t\t\t\t<\/div>\n\t\t\t\t<\/div>\n\t\t\t\t<div class=\"elementor-element elementor-element-b58795f elementor-widget elementor-widget-heading\" data-id=\"b58795f\" data-element_type=\"widget\" data-e-type=\"widget\" data-widget_type=\"heading.default\">\n\t\t\t\t<div class=\"elementor-widget-container\">\n\t\t\t\t\t<h3 class=\"elementor-heading-title elementor-size-default\">Bons<\/h3>\t\t\t\t<\/div>\n\t\t\t\t<\/div>\n\t\t\t\t<div class=\"elementor-element elementor-element-911e2f2 elementor-widget__width-inherit elementor-widget elementor-widget-eael-adv-accordion\" data-id=\"911e2f2\" data-element_type=\"widget\" data-e-type=\"widget\" data-widget_type=\"eael-adv-accordion.default\">\n\t\t\t\t<div class=\"elementor-widget-container\">\n\t\t\t\t\t            <div class=\"eael-adv-accordion\" id=\"eael-adv-accordion-911e2f2\" data-scroll-on-click=\"no\" data-scroll-speed=\"300\" data-accordion-id=\"911e2f2\" data-accordion-type=\"accordion\" data-toogle-speed=\"200\">\n            <div class=\"eael-accordion-list\">\n\t\t\t\t\t<div id=\"puis-je-offrir-des-bons-pour-des-abonnements-de-fitness\" class=\"elementor-tab-title eael-accordion-header\" tabindex=\"0\" data-tab=\"1\" aria-controls=\"elementor-tab-content-1521\"><span class=\"eael-advanced-accordion-icon-closed\"><i aria-hidden=\"true\" class=\"fa-accordion-icon fas fa-plus\"><\/i><\/span><span class=\"eael-advanced-accordion-icon-opened\"><i aria-hidden=\"true\" class=\"fa-accordion-icon fas fa-minus\"><\/i><\/span><span class=\"eael-accordion-tab-title\">Puis-je offrir des bons pour des abonnements de fitness?<\/span><i aria-hidden=\"true\" class=\"fa-toggle fas fa-angle-right\"><\/i><\/div><div id=\"elementor-tab-content-1521\" class=\"eael-accordion-content clearfix\" data-tab=\"1\" aria-labelledby=\"puis-je-offrir-des-bons-pour-des-abonnements-de-fitness\"><p>Oui! Les bons clever fit sont le cadeau id\u00e9al pour les passionn\u00e9s de fitness. Nous te proposons des bons-cadeaux pour notre abonnement Or et notre abonnement Argent tr\u00e8s appr\u00e9ci\u00e9s, ainsi que pour des entra\u00eenements individuels. En outre, il existe \u00e9galement un bon o\u00f9 tu peux choisir le montant. Tu peux acheter les bons dans notre boutique en ligne: <a style=\"text-decoration: underline\" href=\"https:\/\/shop.clever-fit.ch\/\" target=\"_blank\" rel=\"noopener\">shop.clever-fit.ch<\/a><\/p>\n<\/div>\n\t\t\t\t\t<\/div><div class=\"eael-accordion-list\">\n\t\t\t\t\t<div id=\"puis-je-tlcharger-le-bon-aprs-lavoir-achet-ou-est-il-envoy-par-la-poste\" class=\"elementor-tab-title eael-accordion-header\" tabindex=\"0\" data-tab=\"2\" aria-controls=\"elementor-tab-content-1522\"><span class=\"eael-advanced-accordion-icon-closed\"><i aria-hidden=\"true\" class=\"fa-accordion-icon fas fa-plus\"><\/i><\/span><span class=\"eael-advanced-accordion-icon-opened\"><i aria-hidden=\"true\" class=\"fa-accordion-icon fas fa-minus\"><\/i><\/span><span class=\"eael-accordion-tab-title\">Puis-je t\u00e9l\u00e9charger le bon apr\u00e8s l\u2019avoir achet\u00e9 ou est-il envoy\u00e9 par la poste?<\/span><i aria-hidden=\"true\" class=\"fa-toggle fas fa-angle-right\"><\/i><\/div><div id=\"elementor-tab-content-1522\" class=\"eael-accordion-content clearfix\" data-tab=\"2\" aria-labelledby=\"puis-je-tlcharger-le-bon-aprs-lavoir-achet-ou-est-il-envoy-par-la-poste\"><p>Tu peux t\u00e9l\u00e9charger nos bons directement apr\u00e8s l\u2019achat au format PDF et les imprimer si tu le souhaites. Pour l\u2019utiliser au centre, il suffit de pr\u00e9senter le PDF.\u00a0<\/p>\n<\/div>\n\t\t\t\t\t<\/div><div class=\"eael-accordion-list\">\n\t\t\t\t\t<div id=\"quelle-est-la-dure-de-validit-de-mon-bon-clever-fit\" class=\"elementor-tab-title eael-accordion-header\" tabindex=\"0\" data-tab=\"3\" aria-controls=\"elementor-tab-content-1523\"><span class=\"eael-advanced-accordion-icon-closed\"><i aria-hidden=\"true\" class=\"fa-accordion-icon fas fa-plus\"><\/i><\/span><span class=\"eael-advanced-accordion-icon-opened\"><i aria-hidden=\"true\" class=\"fa-accordion-icon fas fa-minus\"><\/i><\/span><span class=\"eael-accordion-tab-title\">Quelle est la dur\u00e9e de validit\u00e9 de mon bon clever fit?<\/span><i aria-hidden=\"true\" class=\"fa-toggle fas fa-angle-right\"><\/i><\/div><div id=\"elementor-tab-content-1523\" class=\"eael-accordion-content clearfix\" data-tab=\"3\" aria-labelledby=\"quelle-est-la-dure-de-validit-de-mon-bon-clever-fit\"><p>Nos bons sont valables cinq (5) ans. Tu trouveras la date d\u2019\u00e9mission et de validit\u00e9 individuelle directement sur ton bon.\u00a0<\/p>\n<\/div>\n\t\t\t\t\t<\/div><div class=\"eael-accordion-list\">\n\t\t\t\t\t<div id=\"puis-je-utiliser-mon-bon-dans-tous-les-centres\" class=\"elementor-tab-title eael-accordion-header\" tabindex=\"0\" data-tab=\"4\" aria-controls=\"elementor-tab-content-1524\"><span class=\"eael-advanced-accordion-icon-closed\"><i aria-hidden=\"true\" class=\"fa-accordion-icon fas fa-plus\"><\/i><\/span><span class=\"eael-advanced-accordion-icon-opened\"><i aria-hidden=\"true\" class=\"fa-accordion-icon fas fa-minus\"><\/i><\/span><span class=\"eael-accordion-tab-title\">Puis-je utiliser mon bon dans tous les centres?<\/span><i aria-hidden=\"true\" class=\"fa-toggle fas fa-angle-right\"><\/i><\/div><div id=\"elementor-tab-content-1524\" class=\"eael-accordion-content clearfix\" data-tab=\"4\" aria-labelledby=\"puis-je-utiliser-mon-bon-dans-tous-les-centres\"><p>Oui, ton bon est valable dans tous les centres clever fit.<\/p>\n<\/div>\n\t\t\t\t\t<\/div><div class=\"eael-accordion-list\">\n\t\t\t\t\t<div id=\"comment-utiliser-mon-bon-dachat\" class=\"elementor-tab-title eael-accordion-header\" tabindex=\"0\" data-tab=\"5\" aria-controls=\"elementor-tab-content-1525\"><span class=\"eael-advanced-accordion-icon-closed\"><i aria-hidden=\"true\" class=\"fa-accordion-icon fas fa-plus\"><\/i><\/span><span class=\"eael-advanced-accordion-icon-opened\"><i aria-hidden=\"true\" class=\"fa-accordion-icon fas fa-minus\"><\/i><\/span><span class=\"eael-accordion-tab-title\">Comment utiliser mon bon d\u2019achat?<\/span><i aria-hidden=\"true\" class=\"fa-toggle fas fa-angle-right\"><\/i><\/div><div id=\"elementor-tab-content-1525\" class=\"eael-accordion-content clearfix\" data-tab=\"5\" aria-labelledby=\"comment-utiliser-mon-bon-dachat\"><p>Passe au centre de ton choix et pr\u00e9sente-toi \u00e0 l\u2019accueil. Nos entra\u00eeneurs t\u2019aideront \u00e0 utiliser ton bon et te feront visiter le centre.<\/p>\n<\/div>\n\t\t\t\t\t<\/div><\/div>\t\t\t\t<\/div>\n\t\t\t\t<\/div>\n\t\t\t\t<div class=\"elementor-element elementor-element-bc84ec7 elementor-widget elementor-widget-heading\" data-id=\"bc84ec7\" data-element_type=\"widget\" data-e-type=\"widget\" data-widget_type=\"heading.default\">\n\t\t\t\t<div class=\"elementor-widget-container\">\n\t\t\t\t\t<h3 class=\"elementor-heading-title elementor-size-default\">Abonnements et adh\u00e9sion<\/h3>\t\t\t\t<\/div>\n\t\t\t\t<\/div>\n\t\t\t\t<div class=\"elementor-element elementor-element-7e7a6d0 elementor-widget__width-inherit elementor-widget elementor-widget-eael-adv-accordion\" data-id=\"7e7a6d0\" data-element_type=\"widget\" data-e-type=\"widget\" data-widget_type=\"eael-adv-accordion.default\">\n\t\t\t\t<div class=\"elementor-widget-container\">\n\t\t\t\t\t            <div class=\"eael-adv-accordion\" id=\"eael-adv-accordion-7e7a6d0\" data-scroll-on-click=\"no\" data-scroll-speed=\"300\" data-accordion-id=\"7e7a6d0\" data-accordion-type=\"accordion\" data-toogle-speed=\"200\">\n            <div class=\"eael-accordion-list\">\n\t\t\t\t\t<div id=\"est-ce-que-clever-fit-propose-un-paiement-mensuel\" class=\"elementor-tab-title eael-accordion-header\" tabindex=\"0\" data-tab=\"1\" aria-controls=\"elementor-tab-content-1321\"><span class=\"eael-advanced-accordion-icon-closed\"><i aria-hidden=\"true\" class=\"fa-accordion-icon fas fa-plus\"><\/i><\/span><span class=\"eael-advanced-accordion-icon-opened\"><i aria-hidden=\"true\" class=\"fa-accordion-icon fas fa-minus\"><\/i><\/span><span class=\"eael-accordion-tab-title\">Est-ce que clever fit propose un paiement mensuel?<\/span><i aria-hidden=\"true\" class=\"fa-toggle fas fa-angle-right\"><\/i><\/div><div id=\"elementor-tab-content-1321\" class=\"eael-accordion-content clearfix\" data-tab=\"1\" aria-labelledby=\"est-ce-que-clever-fit-propose-un-paiement-mensuel\"><p>Outre la possibilit\u00e9 de payer \u00e0 l\u2019avance par carte ou par bulletin de versement l\u2019int\u00e9gralit\u00e9 de ta cotisation pour la dur\u00e9e choisie, nous offrons \u00e9galement la possibilit\u00e9 d\u2019un paiement mensuel pour les adh\u00e9sions annuelles de nos abonnements principaux. Informe-toi sur les conditions d\u00e9taill\u00e9es dans notre <a style=\"text-decoration: underline\" href=\"https:\/\/www.clever-fit.com\/fr-CH\/acheter-un-abonnement\/\">aper\u00e7u des abonnements<\/a>.<\/p>\n<\/div>\n\t\t\t\t\t<\/div><div class=\"eael-accordion-list\">\n\t\t\t\t\t<div id=\"jai-vu-une-publicit-pour-un-abonnement-promotionnel-o-puis-je-le-trouver\" class=\"elementor-tab-title eael-accordion-header\" tabindex=\"0\" data-tab=\"2\" aria-controls=\"elementor-tab-content-1322\"><span class=\"eael-advanced-accordion-icon-closed\"><i aria-hidden=\"true\" class=\"fa-accordion-icon fas fa-plus\"><\/i><\/span><span class=\"eael-advanced-accordion-icon-opened\"><i aria-hidden=\"true\" class=\"fa-accordion-icon fas fa-minus\"><\/i><\/span><span class=\"eael-accordion-tab-title\">J\u2019ai vu une publicit\u00e9 pour un abonnement promotionnel, o\u00f9 puis-je le trouver?<\/span><i aria-hidden=\"true\" class=\"fa-toggle fas fa-angle-right\"><\/i><\/div><div id=\"elementor-tab-content-1322\" class=\"eael-accordion-content clearfix\" data-tab=\"2\" aria-labelledby=\"jai-vu-une-publicit-pour-un-abonnement-promotionnel-o-puis-je-le-trouver\"><p>Tu trouveras l\u2019aper\u00e7u actuel de nos abonnements, y compris toutes les promotions, dans notre <a style=\"text-decoration: underline\" href=\"https:\/\/www.clever-fit.com\/fr-CH\/acheter-un-abonnement\/\">aper\u00e7u des abonnements<\/a>.<\/p>\n<\/div>\n\t\t\t\t\t<\/div><div class=\"eael-accordion-list\">\n\t\t\t\t\t<div id=\"jai-achet-un-abonnement-en-ligne-comment-puis-je-obtenir-mon-badge-pour-le-centre\" class=\"elementor-tab-title eael-accordion-header\" tabindex=\"0\" data-tab=\"3\" aria-controls=\"elementor-tab-content-1323\"><span class=\"eael-advanced-accordion-icon-closed\"><i aria-hidden=\"true\" class=\"fa-accordion-icon fas fa-plus\"><\/i><\/span><span class=\"eael-advanced-accordion-icon-opened\"><i aria-hidden=\"true\" class=\"fa-accordion-icon fas fa-minus\"><\/i><\/span><span class=\"eael-accordion-tab-title\">J\u2019ai achet\u00e9 un abonnement en ligne, comment puis-je obtenir mon badge pour le centre?<\/span><i aria-hidden=\"true\" class=\"fa-toggle fas fa-angle-right\"><\/i><\/div><div id=\"elementor-tab-content-1323\" class=\"eael-accordion-content clearfix\" data-tab=\"3\" aria-labelledby=\"jai-achet-un-abonnement-en-ligne-comment-puis-je-obtenir-mon-badge-pour-le-centre\"><p>Super \u2013 bienvenue dans le centre de fitness le plus g\u00e9nial de Suisse! Nous sommes heureux que tu aies opt\u00e9 pour clever fit. Pr\u00e9pare ton sac de sport (chaussures de sport, v\u00eatements de sport et serviette) et <strong>pr\u00e9sente-toi \u00e0 l\u2019accueil du centre<\/strong>. Nous te remettrons volontiers ton bracelet \u00e0 puce qui te permettra d\u2019acc\u00e9der au centre et aux casiers (ainsi qu\u2019au bar \u00e0 boissons, \u00e0 la Power Plate, au solarium et \u00e0 la table de massage dans le cadre de l\u2019abonnement Or).<\/p>\n<p>Afin de te permettre de t\u2019entra\u00eener efficacement, nous te recommandons de prendre rendez-vous avec l\u2019un de nos entra\u00eeneurs pour la premi\u00e8re initiation aux appareils. Lors de ce rendez-vous d\u2019initiation, tu recevras \u00e9galement un plan d\u2019entra\u00eenement personnel.<\/p>\n<\/div>\n\t\t\t\t\t<\/div><div class=\"eael-accordion-list\">\n\t\t\t\t\t<div id=\"comment-puis-je-modifier-les-informations-dans-mon-adhsion-p-ex-changement-dadresse\" class=\"elementor-tab-title eael-accordion-header\" tabindex=\"0\" data-tab=\"4\" aria-controls=\"elementor-tab-content-1324\"><span class=\"eael-advanced-accordion-icon-closed\"><i aria-hidden=\"true\" class=\"fa-accordion-icon fas fa-plus\"><\/i><\/span><span class=\"eael-advanced-accordion-icon-opened\"><i aria-hidden=\"true\" class=\"fa-accordion-icon fas fa-minus\"><\/i><\/span><span class=\"eael-accordion-tab-title\">Comment puis-je modifier les informations dans mon adh\u00e9sion (p. ex. changement d\u2019adresse)?<\/span><i aria-hidden=\"true\" class=\"fa-toggle fas fa-angle-right\"><\/i><\/div><div id=\"elementor-tab-content-1324\" class=\"eael-accordion-content clearfix\" data-tab=\"4\" aria-labelledby=\"comment-puis-je-modifier-les-informations-dans-mon-adhsion-p-ex-changement-dadresse\"><p>Tu peux facilement modifier ton adresse, ton num\u00e9ro de t\u00e9l\u00e9phone ou ton adresse e-mail dans ton compte. Clique ici pour acc\u00e9der \u00e0 ton compte: <a style=\"text-decoration: underline\" href=\"https:\/\/shop.clever-fit.ch\/\">shop.clever-fit.ch<\/a><\/p>\n<p>En cas de modification de donn\u00e9es importantes pour le contrat, comme le nom, etc., tu peux t\u2019adresser facilement par \u00e9crit \u00e0 l\u2019administration (<strong>service@clever-fit.ch<\/strong>) en indiquant ton num\u00e9ro d\u2019adh\u00e9rent. Nous te prions de nous communiquer de tels changements le plus rapidement possible afin d\u2019\u00e9viter des frais et des d\u00e9penses inutiles.<\/p>\n<\/div>\n\t\t\t\t\t<\/div><div class=\"eael-accordion-list\">\n\t\t\t\t\t<div id=\"jai-perdu-mon-badgemoyen-daccs-que-faire\" class=\"elementor-tab-title eael-accordion-header\" tabindex=\"0\" data-tab=\"5\" aria-controls=\"elementor-tab-content-1325\"><span class=\"eael-advanced-accordion-icon-closed\"><i aria-hidden=\"true\" class=\"fa-accordion-icon fas fa-plus\"><\/i><\/span><span class=\"eael-advanced-accordion-icon-opened\"><i aria-hidden=\"true\" class=\"fa-accordion-icon fas fa-minus\"><\/i><\/span><span class=\"eael-accordion-tab-title\">J\u2019ai perdu mon badge\/moyen d\u2019acc\u00e8s, que faire?<\/span><i aria-hidden=\"true\" class=\"fa-toggle fas fa-angle-right\"><\/i><\/div><div id=\"elementor-tab-content-1325\" class=\"eael-accordion-content clearfix\" data-tab=\"5\" aria-labelledby=\"jai-perdu-mon-badgemoyen-daccs-que-faire\"><p>Ce genre de d\u00e9sagr\u00e9ment peut arriver. Si tu perds ton badge ou ton bracelet \u00e0 puce, <strong>signale-le imm\u00e9diatement \u00e0 ton centre<\/strong>. D\u00e8s que tu nous as signal\u00e9 cette perte, nous bloquons ton bracelet \u00e0 puce et sa fonction de paiement. Pour la r\u00e9\u00e9dition du bracelet \u00e0 puce, nous exigeons des frais de CHF 50.\u2013.<\/p>\n<\/div>\n\t\t\t\t\t<\/div><div class=\"eael-accordion-list\">\n\t\t\t\t\t<div id=\"puis-je-interrompre-mon-adhsion-clever-fit\" class=\"elementor-tab-title eael-accordion-header\" tabindex=\"0\" data-tab=\"6\" aria-controls=\"elementor-tab-content-1326\"><span class=\"eael-advanced-accordion-icon-closed\"><i aria-hidden=\"true\" class=\"fa-accordion-icon fas fa-plus\"><\/i><\/span><span class=\"eael-advanced-accordion-icon-opened\"><i aria-hidden=\"true\" class=\"fa-accordion-icon fas fa-minus\"><\/i><\/span><span class=\"eael-accordion-tab-title\">Puis-je interrompre mon adh\u00e9sion \u00e0 clever fit?<\/span><i aria-hidden=\"true\" class=\"fa-toggle fas fa-angle-right\"><\/i><\/div><div id=\"elementor-tab-content-1326\" class=\"eael-accordion-content clearfix\" data-tab=\"6\" aria-labelledby=\"puis-je-interrompre-mon-adhsion-clever-fit\"><p>Dans les cas suivants, tu peux interrompre ton adh\u00e9sion \u00e0 clever fit Suisse, la demande devant \u00eatre adress\u00e9e <strong>par \u00e9crit<\/strong> \u00e0 l\u2019administration <a style=\"text-decoration: underline\" href=\"mailto:service@clever-fit.ch\" target=\"_blank\" rel=\"noopener\">(service@clever-fit.ch)<\/a> <strong> dans les 30 jours civils suivant la survenance du motif<\/strong>:<\/p>\n<ol>\n<li>en cas <strong>de maladie, d\u2019accident ou de grossesse<\/strong>, sur pr\u00e9sentation d\u2019un certificat m\u00e9dical mentionnant la date de d\u00e9but et de fin.<\/li>\n<li>en cas de <strong>service civil, de protection civile ou de service militaire<\/strong>, sur pr\u00e9sentation de la convocation.<\/li>\n<\/ol>\n<p>\u00a0<\/p>\n<p>Une interruption n\u2019est possible que pour une dur\u00e9e ininterrompue d\u2019<strong>au moins un mois complet par \u00e9v\u00e9nement<\/strong>. Si la p\u00e9riode de repos dure plus de trois mois, un nouveau certificat m\u00e9dical doit \u00eatre pr\u00e9sent\u00e9 \u00e0 l\u2019issue de ces trois mois. Les cas de maladies graves font exception \u00e0 cette r\u00e8gle et sont examin\u00e9s individuellement.<\/p>\n<p>De plus, nous proposons l\u2019option d\u2019un <strong>arr\u00eat temporaire<\/strong> (au prix de CHF 150.\u2013). En cas de recours \u00e0 un arr\u00eat, la dur\u00e9e du contrat est prolong\u00e9e des mois d\u2019arr\u00eat. Une interruption de l\u2019adh\u00e9sion est possible au maximum trois fois pendant la dur\u00e9e du contrat et pour un total de 12 mois, mais au minimum pour un mois.<\/p>\n<p>Si tu as des questions, notre <a style=\"text-decoration: underline\" href=\"https:\/\/www.clever-fit.com\/fr-CH\/contact\/\">Customer Care Center<\/a> se fera un plaisir de t\u2019aider par t\u00e9l\u00e9phone.<\/p>\n<\/div>\n\t\t\t\t\t<\/div><div class=\"eael-accordion-list\">\n\t\t\t\t\t<div id=\"comment-et-o-puis-je-rsilier-mon-abonnement-clever-fit\" class=\"elementor-tab-title eael-accordion-header\" tabindex=\"0\" data-tab=\"7\" aria-controls=\"elementor-tab-content-1327\"><span class=\"eael-advanced-accordion-icon-closed\"><i aria-hidden=\"true\" class=\"fa-accordion-icon fas fa-plus\"><\/i><\/span><span class=\"eael-advanced-accordion-icon-opened\"><i aria-hidden=\"true\" class=\"fa-accordion-icon fas fa-minus\"><\/i><\/span><span class=\"eael-accordion-tab-title\">Comment et o\u00f9 puis-je r\u00e9silier mon abonnement clever fit?<\/span><i aria-hidden=\"true\" class=\"fa-toggle fas fa-angle-right\"><\/i><\/div><div id=\"elementor-tab-content-1327\" class=\"eael-accordion-content clearfix\" data-tab=\"7\" aria-labelledby=\"comment-et-o-puis-je-rsilier-mon-abonnement-clever-fit\"><p>Si tu ne souhaites pas renouveler ton adh\u00e9sion \u00e0 ton centre, tu dois r\u00e9silier ton contrat par \u00e9crit en indiquant ton identifiant client \u00e0 l\u2019administration <a href=\"mailto:service@clever-fit.ch\">(service@clever-fit.ch)<\/a> en respectant un pr\u00e9avis de trois (3) mois avant l\u2019expiration de la dur\u00e9e convenue du contrat ou de son renouvellement. La date de r\u00e9ception d\u2019une r\u00e9siliation par l\u2019administration est d\u00e9terminante pour le respect du d\u00e9lai.<\/p>\n<p>Au fait: tous les centres de fitness clever fit Suisse sont certifi\u00e9s Qualitop. Tu peux te faire <strong>rembourser jusqu\u2019\u00e0 CHF 900.\u2013<\/strong> par ta caisse maladie. Tu trouveras toutes les informations <span style=\"text-decoration: underline\"><a href=\"https:\/\/www.clever-fit.com\/fr-CH\/remboursement-par-la-caisse-maladie\/\">ici<\/a><\/span>.<\/p>\n<\/div>\n\t\t\t\t\t<\/div><\/div>\t\t\t\t<\/div>\n\t\t\t\t<\/div>\n\t\t\t\t<div class=\"elementor-element elementor-element-3cc92b8 elementor-widget elementor-widget-spacer\" data-id=\"3cc92b8\" data-element_type=\"widget\" data-e-type=\"widget\" data-widget_type=\"spacer.default\">\n\t\t\t\t<div class=\"elementor-widget-container\">\n\t\t\t\t\t\t\t<div class=\"elementor-spacer\">\n\t\t\t<div class=\"elementor-spacer-inner\"><\/div>\n\t\t<\/div>\n\t\t\t\t\t\t<\/div>\n\t\t\t\t<\/div>\n\t\t\t\t\t<\/div>\n\t\t\t\t<\/div>\n\t\t\t\t\t<\/div>\n\t\t\t\t<\/div>\n\t\t\t\t<div class=\"elementor-element elementor-element-4246fa9 elementor-widget elementor-widget-spacer\" data-id=\"4246fa9\" data-element_type=\"widget\" data-e-type=\"widget\" data-widget_type=\"spacer.default\">\n\t\t\t\t<div class=\"elementor-widget-container\">\n\t\t\t\t\t\t\t<div class=\"elementor-spacer\">\n\t\t\t<div class=\"elementor-spacer-inner\"><\/div>\n\t\t<\/div>\n\t\t\t\t\t\t<\/div>\n\t\t\t\t<\/div>\n\t\t\t\t<\/div>\n\t\t<div data-particle_enable=\"false\" data-particle-mobile-disabled=\"false\" class=\"elementor-element elementor-element-ab32da4 e-con-full e-flex e-con e-parent\" data-id=\"ab32da4\" data-element_type=\"container\" data-e-type=\"container\" data-settings=\"{&quot;background_background&quot;:&quot;classic&quot;}\">\n\t\t\t\t<div class=\"elementor-element elementor-element-6075405 elementor-widget elementor-widget-spacer\" data-id=\"6075405\" data-element_type=\"widget\" data-e-type=\"widget\" data-widget_type=\"spacer.default\">\n\t\t\t\t<div class=\"elementor-widget-container\">\n\t\t\t\t\t\t\t<div class=\"elementor-spacer\">\n\t\t\t<div class=\"elementor-spacer-inner\"><\/div>\n\t\t<\/div>\n\t\t\t\t\t\t<\/div>\n\t\t\t\t<\/div>\n\t\t\t\t<div class=\"elementor-element elementor-element-625c981 elementor-widget elementor-widget-heading\" data-id=\"625c981\" data-element_type=\"widget\" data-e-type=\"widget\" data-widget_type=\"heading.default\">\n\t\t\t\t<div class=\"elementor-widget-container\">\n\t\t\t\t\t<div class=\"elementor-heading-title elementor-size-default\">Remboursement par les caisses d'assurance maladie<\/div>\t\t\t\t<\/div>\n\t\t\t\t<\/div>\n\t\t<div data-particle_enable=\"false\" data-particle-mobile-disabled=\"false\" class=\"elementor-element elementor-element-f0ae88b e-flex e-con-boxed e-con e-child\" data-id=\"f0ae88b\" data-element_type=\"container\" data-e-type=\"container\">\n\t\t\t\t\t<div class=\"e-con-inner\">\n\t\t<div data-particle_enable=\"false\" data-particle-mobile-disabled=\"false\" class=\"elementor-element elementor-element-b2799da e-flex e-con-boxed e-con e-child\" data-id=\"b2799da\" data-element_type=\"container\" data-e-type=\"container\">\n\t\t\t\t\t<div class=\"e-con-inner\">\n\t\t\t\t<div class=\"elementor-element elementor-element-4423018 elementor-widget elementor-widget-heading\" data-id=\"4423018\" data-element_type=\"widget\" data-e-type=\"widget\" data-widget_type=\"heading.default\">\n\t\t\t\t<div class=\"elementor-widget-container\">\n\t\t\t\t\t<div class=\"elementor-heading-title elementor-size-default\">Ton entra\u00eenement paie!<\/div>\t\t\t\t<\/div>\n\t\t\t\t<\/div>\n\t\t\t\t<div class=\"elementor-element elementor-element-7b273c9 elementor-widget elementor-widget-text-editor\" data-id=\"7b273c9\" data-element_type=\"widget\" data-e-type=\"widget\" data-widget_type=\"text-editor.default\">\n\t\t\t\t<div class=\"elementor-widget-container\">\n\t\t\t\t\t\n<p>Tous les centres de fitness clever fit Suisse sont certifi\u00e9s Qualitop. R\u00e9cup\u00e8re jusqu\u2019\u00e0 CHF 900.\u2013 pour ton abonnement clever fit!<\/p>\n\t\t\t\t<\/div>\n\t\t\t\t<\/div>\n\t\t\t\t<div class=\"elementor-element elementor-element-c20282e elementor-widget elementor-widget-button\" data-id=\"c20282e\" data-element_type=\"widget\" data-e-type=\"widget\" data-widget_type=\"button.default\">\n\t\t\t\t<div class=\"elementor-widget-container\">\n\t\t\t\t\t\t\t\t\t<div class=\"elementor-button-wrapper\">\n\t\t\t\t\t<a class=\"elementor-button elementor-button-link elementor-size-sm\" href=\"https:\/\/www.clever-fit.com\/fr-CH\/remboursement-par-la-caisse-maladie\/\">\n\t\t\t\t\t\t<span class=\"elementor-button-content-wrapper\">\n\t\t\t\t\t\t\t\t\t<span class=\"elementor-button-text\">Remboursement de la caisse maladie<\/span>\n\t\t\t\t\t<\/span>\n\t\t\t\t\t<\/a>\n\t\t\t\t<\/div>\n\t\t\t\t\t\t\t\t<\/div>\n\t\t\t\t<\/div>\n\t\t\t\t<div class=\"elementor-element elementor-element-67e7eeb elementor-widget elementor-widget-spacer\" data-id=\"67e7eeb\" data-element_type=\"widget\" data-e-type=\"widget\" data-widget_type=\"spacer.default\">\n\t\t\t\t<div class=\"elementor-widget-container\">\n\t\t\t\t\t\t\t<div class=\"elementor-spacer\">\n\t\t\t<div class=\"elementor-spacer-inner\"><\/div>\n\t\t<\/div>\n\t\t\t\t\t\t<\/div>\n\t\t\t\t<\/div>\n\t\t\t\t\t<\/div>\n\t\t\t\t<\/div>\n\t\t\t\t\t<\/div>\n\t\t\t\t<\/div>\n\t\t\t\t<\/div>\n\t\t\t\t<\/div>\n\t\t","protected":false},"excerpt":{"rendered":"<p>CONTACT CLEVER FIT SUISSE Pour toute question, notre Customer Care Center est joignable par t\u00e9l\u00e9phone comme suit: Du lundi au vendredi: 09h00-11h00 14h00-16h00 Le Customer Care Center est ferm\u00e9 les [&hellip;]<\/p>\n","protected":false},"author":530,"featured_media":0,"parent":0,"menu_order":0,"comment_status":"closed","ping_status":"closed","template":"","meta":{"_acf_changed":false,"_seopress_robots_primary_cat":"","_seopress_titles_title":"Contact \u2013 clever fit Suisse","_seopress_titles_desc":"Si tu as des questions, le Customer Care Center de clever fit Suisse est \u00e0 ta disposition par t\u00e9l\u00e9phone: Lu-Ve, 9h-11h et 14h-16h \/ 058 105 77 77 \/ service@clever-fit.ch","_seopress_robots_index":"","footnotes":""},"class_list":["post-319845","page","type-page","status-publish","hentry"],"acf":[],"_links":{"self":[{"href":"https:\/\/www.clever-fit.com\/fr-CH\/wp-json\/wp\/v2\/pages\/319845","targetHints":{"allow":["GET"]}}],"collection":[{"href":"https:\/\/www.clever-fit.com\/fr-CH\/wp-json\/wp\/v2\/pages"}],"about":[{"href":"https:\/\/www.clever-fit.com\/fr-CH\/wp-json\/wp\/v2\/types\/page"}],"author":[{"embeddable":true,"href":"https:\/\/www.clever-fit.com\/fr-CH\/wp-json\/wp\/v2\/users\/530"}],"replies":[{"embeddable":true,"href":"https:\/\/www.clever-fit.com\/fr-CH\/wp-json\/wp\/v2\/comments?post=319845"}],"version-history":[{"count":8,"href":"https:\/\/www.clever-fit.com\/fr-CH\/wp-json\/wp\/v2\/pages\/319845\/revisions"}],"predecessor-version":[{"id":344681,"href":"https:\/\/www.clever-fit.com\/fr-CH\/wp-json\/wp\/v2\/pages\/319845\/revisions\/344681"}],"wp:attachment":[{"href":"https:\/\/www.clever-fit.com\/fr-CH\/wp-json\/wp\/v2\/media?parent=319845"}],"curies":[{"name":"wp","href":"https:\/\/api.w.org\/{rel}","templated":true}]}}