{"id":319938,"date":"2023-03-15T10:55:01","date_gmt":"2023-03-15T09:55:01","guid":{"rendered":"https:\/\/www.clever-fit.com\/carriere\/success-stories\/"},"modified":"2025-12-01T13:34:18","modified_gmt":"2025-12-01T12:34:18","slug":"success-stories","status":"publish","type":"page","link":"https:\/\/www.clever-fit.com\/fr-CH\/carriere\/success-stories\/","title":{"rendered":"Success stories"},"content":{"rendered":"\t\t<div data-elementor-type=\"wp-page\" data-elementor-id=\"319938\" class=\"elementor elementor-319938 elementor-120707\" data-elementor-post-type=\"page\">\n\t\t\t\t<div data-particle_enable=\"false\" data-particle-mobile-disabled=\"false\" class=\"elementor-element elementor-element-304e067 e-flex e-con-boxed e-con e-parent\" data-id=\"304e067\" data-element_type=\"container\" data-e-type=\"container\">\n\t\t\t\t\t<div class=\"e-con-inner\">\n\t\t\t\t<div class=\"elementor-element elementor-element-b553963 elementor-widget elementor-widget-cle-breadcrumb\" data-id=\"b553963\" data-element_type=\"widget\" data-e-type=\"widget\" data-widget_type=\"cle-breadcrumb.default\">\n\t\t\t\t<div class=\"elementor-widget-container\">\n\t\t\t\t\t        <div>\n            <div class=\"cle-breadcrumb__wrapper\"><nav class=\"cle-breadcrumb\"><a href=\"https:\/\/www.clever-fit.com\/fr-CH\/\"><div class=\"cle-breadcrumb__home\">clever fit<\/div><\/a> <div class=\"cle-breadcrumb__divider\"><\/div> <div class=\"cle-breadcrumb__current-page\">Pages<\/span><\/nav><\/div><!-- cle-breadcrumb -->        <\/div>\n        \t\t\t\t<\/div>\n\t\t\t\t<\/div>\n\t\t\t\t\t<\/div>\n\t\t\t\t<\/div>\n\t\t<div data-particle_enable=\"false\" data-particle-mobile-disabled=\"false\" class=\"elementor-element elementor-element-449cd03 e-flex e-con-boxed e-con e-parent\" data-id=\"449cd03\" data-element_type=\"container\" data-e-type=\"container\">\n\t\t\t\t\t<div class=\"e-con-inner\">\n\t\t\t\t<div class=\"elementor-element elementor-element-f41c88e elementor-widget elementor-widget-spacer\" data-id=\"f41c88e\" data-element_type=\"widget\" data-e-type=\"widget\" data-widget_type=\"spacer.default\">\n\t\t\t\t<div class=\"elementor-widget-container\">\n\t\t\t\t\t\t\t<div class=\"elementor-spacer\">\n\t\t\t<div class=\"elementor-spacer-inner\"><\/div>\n\t\t<\/div>\n\t\t\t\t\t\t<\/div>\n\t\t\t\t<\/div>\n\t\t\t\t\t<\/div>\n\t\t\t\t<\/div>\n\t\t<div data-particle_enable=\"false\" data-particle-mobile-disabled=\"false\" class=\"elementor-element elementor-element-ad7f8fa e-flex e-con-boxed e-con e-parent\" data-id=\"ad7f8fa\" data-element_type=\"container\" data-e-type=\"container\">\n\t\t\t\t\t<div class=\"e-con-inner\">\n\t\t\t\t<div class=\"elementor-element elementor-element-a1ceb56 elementor-widget elementor-widget-heading\" data-id=\"a1ceb56\" data-element_type=\"widget\" data-e-type=\"widget\" data-widget_type=\"heading.default\">\n\t\t\t\t<div class=\"elementor-widget-container\">\n\t\t\t\t\t<h1 class=\"elementor-heading-title elementor-size-default\">Success stories<\/h1>\t\t\t\t<\/div>\n\t\t\t\t<\/div>\n\t\t\t\t<div class=\"elementor-element elementor-element-1705431 elementor-widget elementor-widget-heading\" data-id=\"1705431\" data-element_type=\"widget\" data-e-type=\"widget\" data-widget_type=\"heading.default\">\n\t\t\t\t<div class=\"elementor-widget-container\">\n\t\t\t\t\t<span class=\"elementor-heading-title elementor-size-default\">Laisse-toi inspirer et d\u00e9marre avec clever fit Suisse<\/span>\t\t\t\t<\/div>\n\t\t\t\t<\/div>\n\t\t\t\t\t<\/div>\n\t\t\t\t<\/div>\n\t\t<div data-particle_enable=\"false\" data-particle-mobile-disabled=\"false\" class=\"elementor-element elementor-element-c4e2793 e-flex e-con-boxed e-con e-parent\" data-id=\"c4e2793\" data-element_type=\"container\" data-e-type=\"container\">\n\t\t\t\t\t<div class=\"e-con-inner\">\n\t\t\t\t<div class=\"elementor-element elementor-element-6a30cdd elementor-widget elementor-widget-spacer\" data-id=\"6a30cdd\" data-element_type=\"widget\" data-e-type=\"widget\" data-widget_type=\"spacer.default\">\n\t\t\t\t<div class=\"elementor-widget-container\">\n\t\t\t\t\t\t\t<div class=\"elementor-spacer\">\n\t\t\t<div class=\"elementor-spacer-inner\"><\/div>\n\t\t<\/div>\n\t\t\t\t\t\t<\/div>\n\t\t\t\t<\/div>\n\t\t\t\t\t<\/div>\n\t\t\t\t<\/div>\n\t\t<div data-particle_enable=\"false\" data-particle-mobile-disabled=\"false\" class=\"elementor-element elementor-element-0e7bd2e e-flex e-con-boxed e-con e-parent\" data-id=\"0e7bd2e\" data-element_type=\"container\" data-e-type=\"container\">\n\t\t\t\t\t<div class=\"e-con-inner\">\n\t\t<div data-particle_enable=\"false\" data-particle-mobile-disabled=\"false\" class=\"elementor-element elementor-element-7e70b1f e-flex e-con-boxed e-con e-child\" data-id=\"7e70b1f\" data-element_type=\"container\" data-e-type=\"container\" data-settings=\"{&quot;background_background&quot;:&quot;classic&quot;}\">\n\t\t\t\t\t<div class=\"e-con-inner\">\n\t\t<div data-particle_enable=\"false\" data-particle-mobile-disabled=\"false\" class=\"elementor-element elementor-element-692abb1 e-con-full e-flex e-con e-child\" data-id=\"692abb1\" data-element_type=\"container\" data-e-type=\"container\">\n\t\t\t\t<div class=\"elementor-element elementor-element-ca1f11b elementor-widget elementor-widget-image\" data-id=\"ca1f11b\" data-element_type=\"widget\" data-e-type=\"widget\" data-widget_type=\"image.default\">\n\t\t\t\t<div class=\"elementor-widget-container\">\n\t\t\t\t\t\t\t\t\t\t\t\t\t\t\t<img loading=\"lazy\" decoding=\"async\" width=\"800\" height=\"800\" src=\"https:\/\/www.clever-fit.com\/app\/uploads\/2024\/08\/Leo-1024x1024.webp\" class=\"attachment-large size-large wp-image-319930\" alt=\"Leo: vom dualen Student zum COO von clever fit.\" srcset=\"https:\/\/www.clever-fit.com\/app\/uploads\/2024\/08\/Leo-1024x1024.webp 1024w, https:\/\/www.clever-fit.com\/app\/uploads\/2024\/08\/Leo-300x300.webp 300w, https:\/\/www.clever-fit.com\/app\/uploads\/2024\/08\/Leo-150x150.webp 150w, https:\/\/www.clever-fit.com\/app\/uploads\/2024\/08\/Leo-768x768.webp 768w, https:\/\/www.clever-fit.com\/app\/uploads\/2024\/08\/Leo-1536x1536.webp 1536w, https:\/\/www.clever-fit.com\/app\/uploads\/2024\/08\/Leo.webp 2000w\" sizes=\"auto, (max-width: 800px) 100vw, 800px\" \/>\t\t\t\t\t\t\t\t\t\t\t\t\t\t\t<\/div>\n\t\t\t\t<\/div>\n\t\t\t\t<\/div>\n\t\t<div data-particle_enable=\"false\" data-particle-mobile-disabled=\"false\" class=\"elementor-element elementor-element-e069708 e-con-full e-flex e-con e-child\" data-id=\"e069708\" data-element_type=\"container\" data-e-type=\"container\">\n\t\t<div data-particle_enable=\"false\" data-particle-mobile-disabled=\"false\" class=\"elementor-element elementor-element-68fc8e8 e-con-full e-flex e-con e-child\" data-id=\"68fc8e8\" data-element_type=\"container\" data-e-type=\"container\">\n\t\t\t\t<div class=\"elementor-element elementor-element-b8ba4e6 elementor-hidden-mobile elementor-widget elementor-widget-text-editor\" data-id=\"b8ba4e6\" data-element_type=\"widget\" data-e-type=\"widget\" data-widget_type=\"text-editor.default\">\n\t\t\t\t<div class=\"elementor-widget-container\">\n\t\t\t\t\t\n<p>LA SUCCESS STORY DE LEO<\/p>\n\t\t\t\t<\/div>\n\t\t\t\t<\/div>\n\t\t\t\t<div class=\"elementor-element elementor-element-9ccb0ca elementor-hidden-widescreen elementor-hidden-desktop elementor-hidden-laptop elementor-hidden-tablet elementor-widget elementor-widget-text-editor\" data-id=\"9ccb0ca\" data-element_type=\"widget\" data-e-type=\"widget\" data-widget_type=\"text-editor.default\">\n\t\t\t\t<div class=\"elementor-widget-container\">\n\t\t\t\t\t<p>\t\t\t\tLA SUCCESS \u00ad\u00ad\u00ad\u00adSTORY DE LEO\t\t\t\t<\/p>\n\t\t\t\t<\/div>\n\t\t\t\t<\/div>\n\t\t\t\t<div class=\"elementor-element elementor-element-00cf95a elementor-widget elementor-widget-text-editor\" data-id=\"00cf95a\" data-element_type=\"widget\" data-e-type=\"widget\" data-widget_type=\"text-editor.default\">\n\t\t\t\t<div class=\"elementor-widget-container\">\n\t\t\t\t\t\n<p>DE L\u2019\u00c9TUDIANT EN ALTERNANCE AU COO<\/p>\n\t\t\t\t<\/div>\n\t\t\t\t<\/div>\n\t\t\t\t<\/div>\n\t\t<div data-particle_enable=\"false\" data-particle-mobile-disabled=\"false\" class=\"elementor-element elementor-element-d512c2d e-con-full e-flex e-con e-child\" data-id=\"d512c2d\" data-element_type=\"container\" data-e-type=\"container\">\n\t\t\t\t<div class=\"elementor-element elementor-element-1c88759 elementor-widget elementor-widget-text-editor\" data-id=\"1c88759\" data-element_type=\"widget\" data-e-type=\"widget\" data-widget_type=\"text-editor.default\">\n\t\t\t\t<div class=\"elementor-widget-container\">\n\t\t\t\t\t\n<p>Mon parcours chez clever fit a commenc\u00e9 en 2014 en tant qu\u2019\u00e9tudiant en alternance (\u00e9conomie du fitness) en Allemagne. Pendant mes \u00e9tudes, j\u2019ai acquis beaucoup d\u2019exp\u00e9rience pratique et j\u2019ai d\u00e9j\u00e0 \u00e9t\u00e9 en contact avec les premiers th\u00e8mes de gestion.<\/p>\n<p>Lorsque clever fit s\u2019est \u00e9tendu \u00e0 la Suisse en 2017, j\u2019ai eu la possibilit\u00e9 de prendre la direction du centre. Au fil des ann\u00e9es, le nombre de centres a augment\u00e9, tout comme les d\u00e9fis \u00e0 relever, et je suis donc devenu directeur r\u00e9gional. Aujourd\u2019hui, nous exploitons 23 centres en Suisse et nous ne cessons de cro\u00eetre. Depuis juillet 2023, je suis responsable du domaine op\u00e9rationnel au poste de COO.<\/p>\n<p>&gt; <span style=\"font-size: 11pt; color: var( --e-global-color-secondary ); text-align: var(--text-align); background-color: var( --e-global-color-primary );\">Je m\u2019appelle Leo. Je suis originaire des environs de T\u00fcbingen, mais je vis aujourd\u2019hui \u00e0 Zurich.<\/span><\/p>\n\t\t\t\t<\/div>\n\t\t\t\t<\/div>\n\t\t\t\t<\/div>\n\t\t\t\t<\/div>\n\t\t\t\t\t<\/div>\n\t\t\t\t<\/div>\n\t\t<div data-particle_enable=\"false\" data-particle-mobile-disabled=\"false\" class=\"elementor-element elementor-element-198a9215 e-flex e-con-boxed e-con e-child\" data-id=\"198a9215\" data-element_type=\"container\" data-e-type=\"container\" data-settings=\"{&quot;background_background&quot;:&quot;classic&quot;}\">\n\t\t\t\t\t<div class=\"e-con-inner\">\n\t\t<div data-particle_enable=\"false\" data-particle-mobile-disabled=\"false\" class=\"elementor-element elementor-element-2ba73bf0 e-con-full e-flex e-con e-child\" data-id=\"2ba73bf0\" data-element_type=\"container\" data-e-type=\"container\">\n\t\t\t\t<div class=\"elementor-element elementor-element-a186738 elementor-widget elementor-widget-image\" data-id=\"a186738\" data-element_type=\"widget\" data-e-type=\"widget\" data-widget_type=\"image.default\">\n\t\t\t\t<div class=\"elementor-widget-container\">\n\t\t\t\t\t\t\t\t\t\t\t\t\t\t\t<img loading=\"lazy\" decoding=\"async\" width=\"800\" height=\"800\" src=\"https:\/\/www.clever-fit.com\/app\/uploads\/2024\/08\/Robin-1024x1024.webp\" class=\"attachment-large size-large wp-image-319934\" alt=\"Robin: vom stellvertretenden Studioleiter zum Regionalleiter.\" srcset=\"https:\/\/www.clever-fit.com\/app\/uploads\/2024\/08\/Robin-1024x1024.webp 1024w, https:\/\/www.clever-fit.com\/app\/uploads\/2024\/08\/Robin-300x300.webp 300w, https:\/\/www.clever-fit.com\/app\/uploads\/2024\/08\/Robin-150x150.webp 150w, https:\/\/www.clever-fit.com\/app\/uploads\/2024\/08\/Robin-768x768.webp 768w, https:\/\/www.clever-fit.com\/app\/uploads\/2024\/08\/Robin-1536x1536.webp 1536w, https:\/\/www.clever-fit.com\/app\/uploads\/2024\/08\/Robin.webp 2000w\" sizes=\"auto, (max-width: 800px) 100vw, 800px\" \/>\t\t\t\t\t\t\t\t\t\t\t\t\t\t\t<\/div>\n\t\t\t\t<\/div>\n\t\t\t\t<\/div>\n\t\t<div data-particle_enable=\"false\" data-particle-mobile-disabled=\"false\" class=\"elementor-element elementor-element-3274e13b e-con-full e-flex e-con e-child\" data-id=\"3274e13b\" data-element_type=\"container\" data-e-type=\"container\">\n\t\t<div data-particle_enable=\"false\" data-particle-mobile-disabled=\"false\" class=\"elementor-element elementor-element-7e07a70c e-con-full e-flex e-con e-child\" data-id=\"7e07a70c\" data-element_type=\"container\" data-e-type=\"container\">\n\t\t\t\t<div class=\"elementor-element elementor-element-1eabf9e1 elementor-hidden-mobile elementor-widget elementor-widget-text-editor\" data-id=\"1eabf9e1\" data-element_type=\"widget\" data-e-type=\"widget\" data-widget_type=\"text-editor.default\">\n\t\t\t\t<div class=\"elementor-widget-container\">\n\t\t\t\t\t\n<p>LA SUCCESS STORY DE ROBIN<\/p>\n\t\t\t\t<\/div>\n\t\t\t\t<\/div>\n\t\t\t\t<div class=\"elementor-element elementor-element-15e181f elementor-hidden-widescreen elementor-hidden-desktop elementor-hidden-laptop elementor-hidden-tablet elementor-widget elementor-widget-text-editor\" data-id=\"15e181f\" data-element_type=\"widget\" data-e-type=\"widget\" data-widget_type=\"text-editor.default\">\n\t\t\t\t<div class=\"elementor-widget-container\">\n\t\t\t\t\t<p>\t\t\t\tLA SUCCESS \u00ad\u00ad\u00adSTORY DE ROBIN\t\t\t\t<\/p>\n\t\t\t\t<\/div>\n\t\t\t\t<\/div>\n\t\t\t\t<div class=\"elementor-element elementor-element-4078274d elementor-widget elementor-widget-text-editor\" data-id=\"4078274d\" data-element_type=\"widget\" data-e-type=\"widget\" data-widget_type=\"text-editor.default\">\n\t\t\t\t<div class=\"elementor-widget-container\">\n\t\t\t\t\t\n<p>DE DIRECTEUR ADJOINT DE CENTRE \u00c0 DIRECTEUR R\u00c9GIONAL<\/p>\n\t\t\t\t<\/div>\n\t\t\t\t<\/div>\n\t\t\t\t<\/div>\n\t\t<div data-particle_enable=\"false\" data-particle-mobile-disabled=\"false\" class=\"elementor-element elementor-element-3f8229ed e-con-full e-flex e-con e-child\" data-id=\"3f8229ed\" data-element_type=\"container\" data-e-type=\"container\">\n\t\t\t\t<div class=\"elementor-element elementor-element-4ad0f9da elementor-widget elementor-widget-text-editor\" data-id=\"4ad0f9da\" data-element_type=\"widget\" data-e-type=\"widget\" data-widget_type=\"text-editor.default\">\n\t\t\t\t<div class=\"elementor-widget-container\">\n\t\t\t\t\t\n<p>Proche de mon domicile \u00e0 Schaffhouse, la cha\u00eene de fitness clever fit, encore inconnue en Suisse, devait s\u2019installer dans le nouveau stade de Schaffhouse en 2017. Pour moi, c\u2019\u00e9tait clair: c\u2019est ma chance de pouvoir participer \u00e0 quelque chose de grand d\u00e8s le d\u00e9but.<\/p>\n<p>Aujourd\u2019hui, je jette un regard sur une p\u00e9riode instructive, passionnante et fructueuse. En commen\u00e7ant en septembre 2017 pendant la phase de pr\u00e9vente du site de Schaffhouse en tant que directeur adjoint du centre, en prenant la direction du centre et en rouvrant le site d\u2019Opfikon-Glattpark \u00e0 partir de septembre 2018, en rouvrant le site de Frauenfeld en 2019 dans la double fonction de directeur de centre sur les sites d\u2019Opfikon-Glattpark et de Frauenfeld, puis dans la fonction suppl\u00e9mentaire de directeur de district \u00e0 partir de 2020, jusqu\u2019\u00e0 devenir directeur r\u00e9gional depuis d\u00e9but 2021.<\/p>\n<p>Mon parcours m\u2019a conduit \u00e0 un poste qui me permet de contribuer de mani\u00e8re d\u00e9terminante au d\u00e9veloppement de clever fit Suisse. Je me r\u00e9jouis des d\u00e9fis \u00e0 venir et de continuer \u00e0 faire partie de cette histoire \u00e0 succ\u00e8s.<\/p>\n<p>&gt; <span style=\"font-size: 11pt; color: var( --e-global-color-secondary ); text-align: var(--text-align); background-color: var( --e-global-color-primary );\">Je m\u2019appelle Robin. Originaire d\u2019Allemagne et ayant grandi pr\u00e8s de la fronti\u00e8re suisse, j\u2019ai trouv\u00e9 ma nouvelle patrie \u00e0 Schaffhouse avec ma famille.<\/span><\/p>\n\t\t\t\t<\/div>\n\t\t\t\t<\/div>\n\t\t\t\t<\/div>\n\t\t\t\t<\/div>\n\t\t\t\t\t<\/div>\n\t\t\t\t<\/div>\n\t\t<div data-particle_enable=\"false\" data-particle-mobile-disabled=\"false\" class=\"elementor-element elementor-element-cade478 e-flex e-con-boxed e-con e-child\" data-id=\"cade478\" data-element_type=\"container\" data-e-type=\"container\" data-settings=\"{&quot;background_background&quot;:&quot;classic&quot;}\">\n\t\t\t\t\t<div class=\"e-con-inner\">\n\t\t<div data-particle_enable=\"false\" data-particle-mobile-disabled=\"false\" class=\"elementor-element elementor-element-4a443ca e-con-full e-flex e-con e-child\" data-id=\"4a443ca\" data-element_type=\"container\" data-e-type=\"container\">\n\t\t\t\t<div class=\"elementor-element elementor-element-d7713ca elementor-widget elementor-widget-image\" data-id=\"d7713ca\" data-element_type=\"widget\" data-e-type=\"widget\" data-widget_type=\"image.default\">\n\t\t\t\t<div class=\"elementor-widget-container\">\n\t\t\t\t\t\t\t\t\t\t\t\t\t\t\t<img loading=\"lazy\" decoding=\"async\" width=\"800\" height=\"800\" src=\"https:\/\/www.clever-fit.com\/app\/uploads\/2024\/08\/Marvin-1024x1024.webp\" class=\"attachment-large size-large wp-image-319932\" alt=\"Marvin: vom Trainer zum Regionalleiter.\" srcset=\"https:\/\/www.clever-fit.com\/app\/uploads\/2024\/08\/Marvin-1024x1024.webp 1024w, https:\/\/www.clever-fit.com\/app\/uploads\/2024\/08\/Marvin-300x300.webp 300w, https:\/\/www.clever-fit.com\/app\/uploads\/2024\/08\/Marvin-150x150.webp 150w, https:\/\/www.clever-fit.com\/app\/uploads\/2024\/08\/Marvin-768x768.webp 768w, https:\/\/www.clever-fit.com\/app\/uploads\/2024\/08\/Marvin-1536x1536.webp 1536w, https:\/\/www.clever-fit.com\/app\/uploads\/2024\/08\/Marvin.webp 2000w\" sizes=\"auto, (max-width: 800px) 100vw, 800px\" \/>\t\t\t\t\t\t\t\t\t\t\t\t\t\t\t<\/div>\n\t\t\t\t<\/div>\n\t\t\t\t<\/div>\n\t\t<div data-particle_enable=\"false\" data-particle-mobile-disabled=\"false\" class=\"elementor-element elementor-element-7d8459c e-con-full e-flex e-con e-child\" data-id=\"7d8459c\" data-element_type=\"container\" data-e-type=\"container\">\n\t\t<div data-particle_enable=\"false\" data-particle-mobile-disabled=\"false\" class=\"elementor-element elementor-element-0589e95 e-con-full e-flex e-con e-child\" data-id=\"0589e95\" data-element_type=\"container\" data-e-type=\"container\">\n\t\t\t\t<div class=\"elementor-element elementor-element-bc61d98 elementor-hidden-mobile elementor-widget elementor-widget-text-editor\" data-id=\"bc61d98\" data-element_type=\"widget\" data-e-type=\"widget\" data-widget_type=\"text-editor.default\">\n\t\t\t\t<div class=\"elementor-widget-container\">\n\t\t\t\t\t\n<p>LA SUCCESS STORY DE MARVIN<\/p>\n\t\t\t\t<\/div>\n\t\t\t\t<\/div>\n\t\t\t\t<div class=\"elementor-element elementor-element-9890939 elementor-hidden-widescreen elementor-hidden-desktop elementor-hidden-laptop elementor-hidden-tablet elementor-widget elementor-widget-text-editor\" data-id=\"9890939\" data-element_type=\"widget\" data-e-type=\"widget\" data-widget_type=\"text-editor.default\">\n\t\t\t\t<div class=\"elementor-widget-container\">\n\t\t\t\t\t<p>\t\t\t\tLA SUCCESS \u00ad\u00ad\u00adSTORY DE MARVIN\t\t\t\t<\/p>\n\t\t\t\t<\/div>\n\t\t\t\t<\/div>\n\t\t\t\t<div class=\"elementor-element elementor-element-a4a6983 elementor-widget elementor-widget-text-editor\" data-id=\"a4a6983\" data-element_type=\"widget\" data-e-type=\"widget\" data-widget_type=\"text-editor.default\">\n\t\t\t\t<div class=\"elementor-widget-container\">\n\t\t\t\t\t\n<p>D\u2019ENTRA\u00ceNEUR \u00c0 DIRECTEUR R\u00c9GIONAL<\/p>\n\t\t\t\t<\/div>\n\t\t\t\t<\/div>\n\t\t\t\t<\/div>\n\t\t<div data-particle_enable=\"false\" data-particle-mobile-disabled=\"false\" class=\"elementor-element elementor-element-edf241e e-con-full e-flex e-con e-child\" data-id=\"edf241e\" data-element_type=\"container\" data-e-type=\"container\">\n\t\t\t\t<div class=\"elementor-element elementor-element-db29dd2 elementor-widget elementor-widget-text-editor\" data-id=\"db29dd2\" data-element_type=\"widget\" data-e-type=\"widget\" data-widget_type=\"text-editor.default\">\n\t\t\t\t<div class=\"elementor-widget-container\">\n\t\t\t\t\t\n<p>En f\u00e9vrier 2020, j\u2019ai commenc\u00e9 mon parcours chez clever fit Suisse et \u00e7a a tout de suite \u00e9t\u00e9 clair: j\u2019avais trouv\u00e9 ma place. Apr\u00e8s mes \u00e9tudes en alternance (\u00e9conomie du sport) en Allemagne en 2018 et une ann\u00e9e suppl\u00e9mentaire en tant que directeur de centre, clever fit \u00e9tait d\u00e9j\u00e0 ma troisi\u00e8me \u00e9tape. Les attentes ont \u00e9t\u00e9 d\u00e9pass\u00e9es et ma carri\u00e8re a pris son envol: deux semaines apr\u00e8s avoir commenc\u00e9, j\u2019ai \u00e9t\u00e9 nomm\u00e9 directeur adjoint du centre, puis j\u2019ai pris la direction du centre au bout de quatre semaines. 14 mois plus tard, j\u2019ai \u00e9t\u00e9 promu chef de district et, en juillet 2023, chef de r\u00e9gion. Cette \u00e9volution montre que j\u2019ai choisi la bonne voie chez clever fit et cela me motive pers\u00e9v\u00e9rer.<\/p>\n<p>&gt; <span style=\"font-size: 11pt; color: var( --e-global-color-secondary ); text-align: var(--text-align); background-color: var( --e-global-color-primary );\">Je m\u2019appelle Marvin. Responsable de 7 sites dans la r\u00e9gion de Zurich, habite en Allemagne, \u00e0 la fronti\u00e8re suisse, au bord du lac de Constance.<\/span><\/p>\n\t\t\t\t<\/div>\n\t\t\t\t<\/div>\n\t\t\t\t<\/div>\n\t\t\t\t<\/div>\n\t\t\t\t\t<\/div>\n\t\t\t\t<\/div>\n\t\t<div data-particle_enable=\"false\" data-particle-mobile-disabled=\"false\" class=\"elementor-element elementor-element-74926f5 e-con-full e-flex e-con e-child\" data-id=\"74926f5\" data-element_type=\"container\" data-e-type=\"container\" data-settings=\"{&quot;background_background&quot;:&quot;classic&quot;}\">\n\t\t<div data-particle_enable=\"false\" data-particle-mobile-disabled=\"false\" class=\"elementor-element elementor-element-9ec7399 e-con-full e-flex e-con e-child\" data-id=\"9ec7399\" data-element_type=\"container\" data-e-type=\"container\">\n\t\t\t\t<div class=\"elementor-element elementor-element-d66adb6 elementor-widget elementor-widget-image\" data-id=\"d66adb6\" data-element_type=\"widget\" data-e-type=\"widget\" data-widget_type=\"image.default\">\n\t\t\t\t<div class=\"elementor-widget-container\">\n\t\t\t\t\t\t\t\t\t\t\t\t\t\t\t<img loading=\"lazy\" decoding=\"async\" width=\"800\" height=\"800\" src=\"https:\/\/www.clever-fit.com\/app\/uploads\/2024\/08\/Martin-1024x1024.webp\" class=\"attachment-large size-large wp-image-319931\" alt=\"Martin: von der Aushilfe zum Regionalleiter.\" srcset=\"https:\/\/www.clever-fit.com\/app\/uploads\/2024\/08\/Martin-1024x1024.webp 1024w, https:\/\/www.clever-fit.com\/app\/uploads\/2024\/08\/Martin-300x300.webp 300w, https:\/\/www.clever-fit.com\/app\/uploads\/2024\/08\/Martin-150x150.webp 150w, https:\/\/www.clever-fit.com\/app\/uploads\/2024\/08\/Martin-768x768.webp 768w, https:\/\/www.clever-fit.com\/app\/uploads\/2024\/08\/Martin-1536x1536.webp 1536w, https:\/\/www.clever-fit.com\/app\/uploads\/2024\/08\/Martin.webp 2000w\" sizes=\"auto, (max-width: 800px) 100vw, 800px\" \/>\t\t\t\t\t\t\t\t\t\t\t\t\t\t\t<\/div>\n\t\t\t\t<\/div>\n\t\t\t\t<\/div>\n\t\t<div data-particle_enable=\"false\" data-particle-mobile-disabled=\"false\" class=\"elementor-element elementor-element-fb2a632 e-con-full e-flex e-con e-child\" data-id=\"fb2a632\" data-element_type=\"container\" data-e-type=\"container\">\n\t\t<div data-particle_enable=\"false\" data-particle-mobile-disabled=\"false\" class=\"elementor-element elementor-element-77e4771 e-con-full e-flex e-con e-child\" data-id=\"77e4771\" data-element_type=\"container\" data-e-type=\"container\">\n\t\t\t\t<div class=\"elementor-element elementor-element-05d0ca6 elementor-hidden-mobile elementor-widget elementor-widget-text-editor\" data-id=\"05d0ca6\" data-element_type=\"widget\" data-e-type=\"widget\" data-widget_type=\"text-editor.default\">\n\t\t\t\t<div class=\"elementor-widget-container\">\n\t\t\t\t\t\n<p>LA SUCCESS STORY DE MARTIN<\/p>\n\t\t\t\t<\/div>\n\t\t\t\t<\/div>\n\t\t\t\t<div class=\"elementor-element elementor-element-12ce95e elementor-hidden-widescreen elementor-hidden-desktop elementor-hidden-laptop elementor-hidden-tablet elementor-widget elementor-widget-text-editor\" data-id=\"12ce95e\" data-element_type=\"widget\" data-e-type=\"widget\" data-widget_type=\"text-editor.default\">\n\t\t\t\t<div class=\"elementor-widget-container\">\n\t\t\t\t\t<p>\t\t\t\tLA SUCCESS \u00ad\u00ad\u00adSTORY DE MARTIN\t\t\t\t<\/p>\n\t\t\t\t<\/div>\n\t\t\t\t<\/div>\n\t\t\t\t<div class=\"elementor-element elementor-element-902fbf2 elementor-widget elementor-widget-text-editor\" data-id=\"902fbf2\" data-element_type=\"widget\" data-e-type=\"widget\" data-widget_type=\"text-editor.default\">\n\t\t\t\t<div class=\"elementor-widget-container\">\n\t\t\t\t\t\n<p>DE L\u2019INT\u00c9RIMAIRE AU DIRECTEUR R\u00c9GIONAL<\/p>\n\t\t\t\t<\/div>\n\t\t\t\t<\/div>\n\t\t\t\t<\/div>\n\t\t<div data-particle_enable=\"false\" data-particle-mobile-disabled=\"false\" class=\"elementor-element elementor-element-8d32dc3 e-con-full e-flex e-con e-child\" data-id=\"8d32dc3\" data-element_type=\"container\" data-e-type=\"container\">\n\t\t\t\t<div class=\"elementor-element elementor-element-dfa999e elementor-widget elementor-widget-text-editor\" data-id=\"dfa999e\" data-element_type=\"widget\" data-e-type=\"widget\" data-widget_type=\"text-editor.default\">\n\t\t\t\t<div class=\"elementor-widget-container\">\n\t\t\t\t\t\n<p>J\u2019ai fait mes d\u00e9buts dans le secteur du fitness d\u00e8s 2003 avec ma formation d\u2019agent de sport et de fitness. Apr\u00e8s des \u00e9tudes et plus de 20 ans d\u2019exp\u00e9rience en tant qu\u2019int\u00e9rimaire, entra\u00eeneur de fitness et directeur de centre, j\u2019ai trouv\u00e9 le chemin de clever fit Suisse en 2022.<\/p>\n<p>J\u2019y ai eu l\u2019occasion d\u2019accompagner, entre autres, la r\u00e9ouverture de notre plus grand site \u00e0 ce jour, \u00e0 Coire.<\/p>\n<p>Aujourd\u2019hui, je suis directeur r\u00e9gional et je suis heureux de faire partie de la famille clever fit et de travailler avec l\u2019entreprise \u00e0 sa croissance.<\/p>\n<p>&gt; <span style=\"font-size: 11pt; color: var( --e-global-color-secondary ); text-align: var(--text-align); background-color: var( --e-global-color-primary );\">Je m\u2019appelle Martin. Je suis n\u00e9 et j\u2019ai grandi \u00e0 Greifswald. Aujourd\u2019hui, j\u2019habite dans le beau canton des Grisons et je suis responsable r\u00e9gional pour la Suisse centrale et la Suisse romande.<\/span><\/p>\n\t\t\t\t<\/div>\n\t\t\t\t<\/div>\n\t\t\t\t<\/div>\n\t\t\t\t<\/div>\n\t\t\t\t<\/div>\n\t\t<div data-particle_enable=\"false\" data-particle-mobile-disabled=\"false\" class=\"elementor-element elementor-element-854b1dd e-con-full e-flex e-con e-child\" data-id=\"854b1dd\" data-element_type=\"container\" data-e-type=\"container\" data-settings=\"{&quot;background_background&quot;:&quot;classic&quot;}\">\n\t\t<div data-particle_enable=\"false\" data-particle-mobile-disabled=\"false\" class=\"elementor-element elementor-element-5e00fa6 e-con-full e-flex e-con e-child\" data-id=\"5e00fa6\" data-element_type=\"container\" data-e-type=\"container\">\n\t\t\t\t<div class=\"elementor-element elementor-element-210311b elementor-widget elementor-widget-image\" data-id=\"210311b\" data-element_type=\"widget\" data-e-type=\"widget\" data-widget_type=\"image.default\">\n\t\t\t\t<div class=\"elementor-widget-container\">\n\t\t\t\t\t\t\t\t\t\t\t\t\t\t\t<img loading=\"lazy\" decoding=\"async\" width=\"800\" height=\"800\" src=\"https:\/\/www.clever-fit.com\/app\/uploads\/2025\/11\/clever-fit-schweiz-erfolgsstories-sara-1024x1024.webp\" class=\"attachment-large size-large wp-image-325938\" alt=\"Sarah: noch w\u00e4hrend des Studiums zur Studioleiterin von clever fit.\" srcset=\"https:\/\/www.clever-fit.com\/app\/uploads\/2025\/11\/clever-fit-schweiz-erfolgsstories-sara-1024x1024.webp 1024w, https:\/\/www.clever-fit.com\/app\/uploads\/2025\/11\/clever-fit-schweiz-erfolgsstories-sara-300x300.webp 300w, https:\/\/www.clever-fit.com\/app\/uploads\/2025\/11\/clever-fit-schweiz-erfolgsstories-sara-150x150.webp 150w, https:\/\/www.clever-fit.com\/app\/uploads\/2025\/11\/clever-fit-schweiz-erfolgsstories-sara-768x768.webp 768w, https:\/\/www.clever-fit.com\/app\/uploads\/2025\/11\/clever-fit-schweiz-erfolgsstories-sara-1536x1536.webp 1536w, https:\/\/www.clever-fit.com\/app\/uploads\/2025\/11\/clever-fit-schweiz-erfolgsstories-sara.webp 2000w\" sizes=\"auto, (max-width: 800px) 100vw, 800px\" \/>\t\t\t\t\t\t\t\t\t\t\t\t\t\t\t<\/div>\n\t\t\t\t<\/div>\n\t\t\t\t<\/div>\n\t\t<div data-particle_enable=\"false\" data-particle-mobile-disabled=\"false\" class=\"elementor-element elementor-element-10d60c1 e-con-full e-flex e-con e-child\" data-id=\"10d60c1\" data-element_type=\"container\" data-e-type=\"container\">\n\t\t<div data-particle_enable=\"false\" data-particle-mobile-disabled=\"false\" class=\"elementor-element elementor-element-00785bd e-con-full e-flex e-con e-child\" data-id=\"00785bd\" data-element_type=\"container\" data-e-type=\"container\">\n\t\t\t\t<div class=\"elementor-element elementor-element-e1358e0 elementor-hidden-mobile elementor-widget elementor-widget-text-editor\" data-id=\"e1358e0\" data-element_type=\"widget\" data-e-type=\"widget\" data-widget_type=\"text-editor.default\">\n\t\t\t\t<div class=\"elementor-widget-container\">\n\t\t\t\t\t\n<p>LA SUCCESS STORY DE SARA<\/p>\n\t\t\t\t<\/div>\n\t\t\t\t<\/div>\n\t\t\t\t<div class=\"elementor-element elementor-element-b8ec3b2 elementor-hidden-widescreen elementor-hidden-desktop elementor-hidden-laptop elementor-hidden-tablet elementor-widget elementor-widget-text-editor\" data-id=\"b8ec3b2\" data-element_type=\"widget\" data-e-type=\"widget\" data-widget_type=\"text-editor.default\">\n\t\t\t\t<div class=\"elementor-widget-container\">\n\t\t\t\t\t\n<p>LA SUCCESS \u00ad\u00ad\u00adSTORY DE SARA<\/p>\n\t\t\t\t<\/div>\n\t\t\t\t<\/div>\n\t\t\t\t<div class=\"elementor-element elementor-element-ccd2a18 elementor-widget elementor-widget-text-editor\" data-id=\"ccd2a18\" data-element_type=\"widget\" data-e-type=\"widget\" data-widget_type=\"text-editor.default\">\n\t\t\t\t<div class=\"elementor-widget-container\">\n\t\t\t\t\t\n<p>DEVENUE DIRECTRICE DE STUDIO AVANT M\u00caME LA FIN DE SES \u00c9TUDES<\/p>\n\t\t\t\t<\/div>\n\t\t\t\t<\/div>\n\t\t\t\t<\/div>\n\t\t<div data-particle_enable=\"false\" data-particle-mobile-disabled=\"false\" class=\"elementor-element elementor-element-82939c9 e-con-full e-flex e-con e-child\" data-id=\"82939c9\" data-element_type=\"container\" data-e-type=\"container\">\n\t\t\t\t<div class=\"elementor-element elementor-element-a037b52 elementor-widget elementor-widget-text-editor\" data-id=\"a037b52\" data-element_type=\"widget\" data-e-type=\"widget\" data-widget_type=\"text-editor.default\">\n\t\t\t\t<div class=\"elementor-widget-container\">\n\t\t\t\t\t\n<p>Mon parcours chez clever fit a commenc\u00e9 en septembre 2023 au clever fit Volketswil en tant qu&#8217;\u00e9tudiante en alternance dans le domaine de la nutrition. D\u00e8s le d\u00e9but, mon objectif \u00e9tait d&#8217;aider les gens \u00e0 atteindre leurs objectifs et de mettre ma passion pour le fitness et la sant\u00e9 au service de ma carri\u00e8re.<\/p>\n<p>Tr\u00e8s t\u00f4t, j&#8217;ai pu assumer des responsabilit\u00e9s et combiner ma passion pour le fitness et la sant\u00e9 avec mon travail. En mai 2024, j&#8217;ai \u00e9t\u00e9 promue directrice adjointe du studio et en juin 2025, j&#8217;ai pris la direction du studio.<\/p>\n<p>J&#8217;appr\u00e9cie particuli\u00e8rement le fait que clever fit me permette de concilier de mani\u00e8re optimale mes int\u00e9r\u00eats personnels et mes \u00e9tudes. Ma compr\u00e9hension de la nutrition et de la sant\u00e9 m&#8217;aide \u00e0 accompagner individuellement les membres et \u00e0 leur donner de pr\u00e9cieux conseils, non seulement pendant l&#8217;entra\u00eenement, mais aussi dans leur vie quotidienne.<\/p>\n<p>&gt; <span style=\"font-size: 11pt; color: var( --e-global-color-secondary ); text-align: var(--text-align); background-color: var( --e-global-color-primary );\">Je m&#8217;appelle Sara, j&#8217;ai grandi \u00e0 Saint-Moritz et je vis aujourd&#8217;hui \u00e0 Zurich.<br \/>Chez clever fit \u00e0 Volketswil, je peux vivre ma passion pour le fitness, la sant\u00e9 et les gens, tout en continuant \u00e0 m&#8217;\u00e9panouir sur le plan personnel et professionnel.<\/span><\/p>\n\t\t\t\t<\/div>\n\t\t\t\t<\/div>\n\t\t\t\t<\/div>\n\t\t\t\t<\/div>\n\t\t\t\t<\/div>\n\t\t\t\t\t<\/div>\n\t\t\t\t<\/div>\n\t\t<div data-particle_enable=\"false\" data-particle-mobile-disabled=\"false\" class=\"elementor-element elementor-element-c7b0101 e-flex e-con-boxed e-con e-parent\" data-id=\"c7b0101\" data-element_type=\"container\" data-e-type=\"container\">\n\t\t\t\t\t<div class=\"e-con-inner\">\n\t\t\t\t<div class=\"elementor-element elementor-element-6f016d5 elementor-widget elementor-widget-text-editor\" data-id=\"6f016d5\" data-element_type=\"widget\" data-e-type=\"widget\" data-widget_type=\"text-editor.default\">\n\t\t\t\t<div class=\"elementor-widget-container\">\n\t\t\t\t\t\n<p>Trouve ton emploi dans l\u2019un des 23 centres clever fit<\/p>\n\t\t\t\t<\/div>\n\t\t\t\t<\/div>\n\t\t\t\t<div class=\"elementor-element elementor-element-bc2df67 elementor-widget elementor-widget-cle-button\" data-id=\"bc2df67\" data-element_type=\"widget\" data-e-type=\"widget\" data-widget_type=\"cle-button.default\">\n\t\t\t\t<div class=\"elementor-widget-container\">\n\t\t\t\t\t        <a href=\"https:\/\/www.clever-fit.com\/fr-CH\/carriere\/recherche-d-emploi\/\"                class=\"cle-button primary  on-white\">\n            <div class=\"text\" >\n                TROUVE TON EMPLOI            <\/div>\n        <\/a>\n        \t\t\t\t<\/div>\n\t\t\t\t<\/div>\n\t\t\t\t<div class=\"elementor-element elementor-element-bf94754 elementor-widget elementor-widget-spacer\" data-id=\"bf94754\" data-element_type=\"widget\" data-e-type=\"widget\" data-widget_type=\"spacer.default\">\n\t\t\t\t<div class=\"elementor-widget-container\">\n\t\t\t\t\t\t\t<div class=\"elementor-spacer\">\n\t\t\t<div class=\"elementor-spacer-inner\"><\/div>\n\t\t<\/div>\n\t\t\t\t\t\t<\/div>\n\t\t\t\t<\/div>\n\t\t\t\t\t<\/div>\n\t\t\t\t<\/div>\n\t\t\t\t<\/div>\n\t\t","protected":false},"excerpt":{"rendered":"<p>clever fit Seiten Success stories Laisse-toi inspirer et d\u00e9marre avec clever fit Suisse LA SUCCESS STORY DE LEO LA SUCCESS \u00ad\u00ad\u00ad\u00adSTORY DE LEO DE L\u2019\u00c9TUDIANT EN ALTERNANCE AU COO Mon [&hellip;]<\/p>\n","protected":false},"author":2,"featured_media":0,"parent":319920,"menu_order":0,"comment_status":"closed","ping_status":"closed","template":"","meta":{"_acf_changed":false,"_seopress_robots_primary_cat":"","_seopress_titles_title":"Pas de limites: success stories chez clever fit Suisse \ud83d\udcaa","_seopress_titles_desc":"Chez nous, chacun a sa chance. Avec ta passion, tu participes activement \u00e0 la cr\u00e9ation de nos centres de fitness clever fit et de ton avenir! Commence ta success story.","_seopress_robots_index":"","footnotes":""},"class_list":["post-319938","page","type-page","status-publish","hentry"],"acf":[],"_links":{"self":[{"href":"https:\/\/www.clever-fit.com\/fr-CH\/wp-json\/wp\/v2\/pages\/319938","targetHints":{"allow":["GET"]}}],"collection":[{"href":"https:\/\/www.clever-fit.com\/fr-CH\/wp-json\/wp\/v2\/pages"}],"about":[{"href":"https:\/\/www.clever-fit.com\/fr-CH\/wp-json\/wp\/v2\/types\/page"}],"author":[{"embeddable":true,"href":"https:\/\/www.clever-fit.com\/fr-CH\/wp-json\/wp\/v2\/users\/2"}],"replies":[{"embeddable":true,"href":"https:\/\/www.clever-fit.com\/fr-CH\/wp-json\/wp\/v2\/comments?post=319938"}],"version-history":[{"count":8,"href":"https:\/\/www.clever-fit.com\/fr-CH\/wp-json\/wp\/v2\/pages\/319938\/revisions"}],"predecessor-version":[{"id":330816,"href":"https:\/\/www.clever-fit.com\/fr-CH\/wp-json\/wp\/v2\/pages\/319938\/revisions\/330816"}],"up":[{"embeddable":true,"href":"https:\/\/www.clever-fit.com\/fr-CH\/wp-json\/wp\/v2\/pages\/319920"}],"wp:attachment":[{"href":"https:\/\/www.clever-fit.com\/fr-CH\/wp-json\/wp\/v2\/media?parent=319938"}],"curies":[{"name":"wp","href":"https:\/\/api.w.org\/{rel}","templated":true}]}}